{"id":128,"date":"2021-04-13T16:02:55","date_gmt":"2021-04-13T15:02:55","guid":{"rendered":"http:\/\/epdaduglandier.fr\/?page_id=128"},"modified":"2021-08-17T13:27:45","modified_gmt":"2021-08-17T12:27:45","slug":"service-restauration","status":"publish","type":"page","link":"https:\/\/epdaduglandier.fr\/?page_id=128","title":{"rendered":"Service Restauration"},"content":{"rendered":"<p>[et_pb_section fb_built=\u00a0\u00bb1&Prime; fullwidth=\u00a0\u00bbon\u00a0\u00bb admin_label=\u00a0\u00bbSection banni\u00e8re image\u00a0\u00bb module_id=\u00a0\u00bbid_modele_header\u00a0\u00bb module_class=\u00a0\u00bbclasse_modele_header\u00a0\u00bb _builder_version=\u00a0\u00bb4.9.7&Prime; _module_preset=\u00a0\u00bbdefault\u00a0\u00bb background_color=\u00a0\u00bbrgba(107,107,107,0.82)\u00a0\u00bb background_image=\u00a0\u00bbhttps:\/\/epdaduglandier.fr\/wp-content\/uploads\/2021\/05\/cuisine-fraiche.jpg\u00a0\u00bb background_blend=\u00a0\u00bbhard-light\u00a0\u00bb min_height=\u00a0\u00bb300px\u00a0\u00bb custom_margin=\u00a0\u00bb-27px||||false|false\u00a0\u00bb global_colors_info=\u00a0\u00bb{}\u00a0\u00bb][et_pb_fullwidth_header title=\u00a0\u00bbService Restauration\u00a0\u00bb background_overlay_color=\u00a0\u00bbRGBA(0,0,0,0)\u00a0\u00bb admin_label=\u00a0\u00bbTitre\u00a0\u00bb _builder_version=\u00a0\u00bb4.9.10&Prime; _module_preset=\u00a0\u00bbdefault\u00a0\u00bb title_font=\u00a0\u00bb|700|||||||\u00a0\u00bb title_text_align=\u00a0\u00bbleft\u00a0\u00bb title_text_color=\u00a0\u00bb#FFFFFF\u00a0\u00bb title_font_size=\u00a0\u00bb35px\u00a0\u00bb title_line_height=\u00a0\u00bb3em\u00a0\u00bb content_font_size=\u00a0\u00bb28px\u00a0\u00bb background_color=\u00a0\u00bbRGBA(0,0,0,0)\u00a0\u00bb background_enable_image=\u00a0\u00bboff\u00a0\u00bb title_text_shadow_style=\u00a0\u00bbpreset3&Prime; title_text_shadow_color=\u00a0\u00bbRGBA(0,0,0,0)\u00a0\u00bb global_colors_info=\u00a0\u00bb{}\u00a0\u00bb][\/et_pb_fullwidth_header][\/et_pb_section][et_pb_section fb_built=\u00a0\u00bb1&Prime; admin_label=\u00a0\u00bbSection Fil d&rsquo;ariane\u00a0\u00bb _builder_version=\u00a0\u00bb4.9.4&Prime; _module_preset=\u00a0\u00bbdefault\u00a0\u00bb global_colors_info=\u00a0\u00bb{}\u00a0\u00bb][et_pb_row _builder_version=\u00a0\u00bb4.9.4&Prime; _module_preset=\u00a0\u00bbdefault\u00a0\u00bb global_colors_info=\u00a0\u00bb{}\u00a0\u00bb][et_pb_column type=\u00a0\u00bb4_4&Prime; _builder_version=\u00a0\u00bb4.9.4&Prime; _module_preset=\u00a0\u00bbdefault\u00a0\u00bb global_colors_info=\u00a0\u00bb{}\u00a0\u00bb][et_pb_code admin_label=\u00a0\u00bbFil d&rsquo;ariane\u00a0\u00bb _builder_version=\u00a0\u00bb4.9.4&Prime; _module_preset=\u00a0\u00bbdefault\u00a0\u00bb custom_margin=\u00a0\u00bb|||-15px|false|false\u00a0\u00bb global_colors_info=\u00a0\u00bb{}\u00a0\u00bb]\t\t\t<!-- Flexy Breadcrumb -->\r\n\t\t\t<div class=\"fbc fbc-page\">\r\n\r\n\t\t\t\t<!-- Breadcrumb wrapper -->\r\n\t\t\t\t<div class=\"fbc-wrap\">\r\n\r\n\t\t\t\t\t<!-- Ordered list-->\r\n\t\t\t\t\t<ol class=\"fbc-items\" itemscope itemtype=\"https:\/\/schema.org\/BreadcrumbList\">\r\n\t\t\t\t\t\t            <li itemprop=\"itemListElement\" itemscope itemtype=\"https:\/\/schema.org\/ListItem\">\r\n                <span itemprop=\"name\">\r\n                    <!-- Home Link -->\r\n                    <a itemprop=\"item\" href=\"https:\/\/epdaduglandier.fr\">\r\n                    \r\n                                                    <i class=\"fa fa-home\" aria-hidden=\"true\"><\/i>Accueil                    <\/a>\r\n                <\/span>\r\n                <meta itemprop=\"position\" content=\"1\" \/><!-- Meta Position-->\r\n             <\/li><li><span class=\"fbc-separator\">><\/span><\/li><li class=\"active\" itemprop=\"itemListElement\" itemscope itemtype=\"https:\/\/schema.org\/ListItem\"><span itemprop=\"name\" title=\"Service Restauration\">Service Restauration<\/span><meta itemprop=\"position\" content=\"2\" \/><\/li>\t\t\t\t\t<\/ol>\r\n\t\t\t\t\t<div class=\"clearfix\"><\/div>\r\n\t\t\t\t<\/div>\r\n\t\t\t<\/div>\r\n\t\t\t[\/et_pb_code][\/et_pb_column][\/et_pb_row][\/et_pb_section][et_pb_section fb_built=\u00a0\u00bb1&Prime; admin_label=\u00a0\u00bbSection Paragraphe\u00a0\u00bb _builder_version=\u00a0\u00bb4.9.4&Prime; _module_preset=\u00a0\u00bbdefault\u00a0\u00bb min_height=\u00a0\u00bb95px\u00a0\u00bb custom_padding=\u00a0\u00bb2px||1px|||\u00a0\u00bb global_colors_info=\u00a0\u00bb{}\u00a0\u00bb][et_pb_row _builder_version=\u00a0\u00bb4.9.4&Prime; _module_preset=\u00a0\u00bbdefault\u00a0\u00bb width=\u00a0\u00bb100%\u00a0\u00bb min_height=\u00a0\u00bb49px\u00a0\u00bb custom_margin=\u00a0\u00bb|auto||auto|false|false\u00a0\u00bb custom_padding=\u00a0\u00bb|0px||0px|false|false\u00a0\u00bb global_colors_info=\u00a0\u00bb{}\u00a0\u00bb][et_pb_column type=\u00a0\u00bb4_4&Prime; _builder_version=\u00a0\u00bb4.9.4&Prime; _module_preset=\u00a0\u00bbdefault\u00a0\u00bb custom_padding=\u00a0\u00bb|0px||0px|false|false\u00a0\u00bb global_colors_info=\u00a0\u00bb{}\u00a0\u00bb][et_pb_text admin_label=\u00a0\u00bbTitre\u00a0\u00bb _builder_version=\u00a0\u00bb4.9.5&Prime; _module_preset=\u00a0\u00bbdefault\u00a0\u00bb header_font=\u00a0\u00bb|600||on|||||\u00a0\u00bb header_text_color=\u00a0\u00bb#206ab6&Prime; module_alignment=\u00a0\u00bbleft\u00a0\u00bb custom_margin=\u00a0\u00bb|0px|-17px||false|false\u00a0\u00bb custom_padding=\u00a0\u00bb|0px|||false|false\u00a0\u00bb global_colors_info=\u00a0\u00bb{}\u00a0\u00bb]<\/p>\n<h1>pr\u00e9sentation<\/h1>\n<p>[\/et_pb_text][et_pb_divider color=\u00a0\u00bb#206ab6&Prime; divider_position=\u00a0\u00bbbottom\u00a0\u00bb divider_weight=\u00a0\u00bb5px\u00a0\u00bb _builder_version=\u00a0\u00bb4.9.4&Prime; _module_preset=\u00a0\u00bbdefault\u00a0\u00bb custom_margin=\u00a0\u00bb|||0px|false|false\u00a0\u00bb custom_padding=\u00a0\u00bb|||0px|false|false\u00a0\u00bb global_colors_info=\u00a0\u00bb{}\u00a0\u00bb][\/et_pb_divider][\/et_pb_column][\/et_pb_row][et_pb_row _builder_version=\u00a0\u00bb4.9.4&Prime; _module_preset=\u00a0\u00bbdefault\u00a0\u00bb width=\u00a0\u00bb100%\u00a0\u00bb custom_padding=\u00a0\u00bb2px|||||\u00a0\u00bb global_colors_info=\u00a0\u00bb{}\u00a0\u00bb][et_pb_column type=\u00a0\u00bb4_4&Prime; _builder_version=\u00a0\u00bb4.9.4&Prime; _module_preset=\u00a0\u00bbdefault\u00a0\u00bb global_colors_info=\u00a0\u00bb{}\u00a0\u00bb][et_pb_text _builder_version=\u00a0\u00bb4.9.7&Prime; _module_preset=\u00a0\u00bbdefault\u00a0\u00bb text_text_color=\u00a0\u00bb#474747&Prime; text_font_size=\u00a0\u00bb19px\u00a0\u00bb text_line_height=\u00a0\u00bb2em\u00a0\u00bb text_orientation=\u00a0\u00bbjustified\u00a0\u00bb global_colors_info=\u00a0\u00bb{}\u00a0\u00bb]<\/p>\n<p style=\"text-align: justify;\">La cuisine centrale de l\u2019EPDA du Glandier a r\u00e9investi les locaux de la cuisine de l\u2019EHPAD de Lubersac le 1er Octobre 2018 apr\u00e8s un r\u00e9am\u00e9nagement r\u00e9alis\u00e9 par les services techniques de l\u2019EPDA durant le dernier semestre de l\u2019ann\u00e9e 2018.<\/p>\n<p style=\"text-align: justify;\">Ceci a fait suite \u00e0 la fusion des deux \u00e9tablissements en 2017\u00a0; puis \u00e0 la r\u00e9daction et l\u2019obtention de l\u2019agr\u00e9ment sanitaire d\u00e9livr\u00e9 par la DDCSPP en MARS 2019.<\/p>\n<p style=\"text-align: justify;\">La cuisine centrale produit et livre, 365 jours par an, en moyenne 850 repas par jour pour les diff\u00e9rents services de l\u2019EPDA \u00e0 savoir :<\/p>\n<p style=\"text-align: justify;\">\u25ba le si\u00e8ge social situ\u00e9 au Ch\u00e2teau de Lubersac<\/p>\n<p>\u25ba l\u2019EHPAD de Lubersac ;<\/p>\n<p>\u25ba l\u2019ESAT de Lubersac;<\/p>\n<p>\u25ba le Foyer de vie et le Foyer d\u2019h\u00e9bergement de Lubersac ;<\/p>\n<p>\u25ba le Foyer de vie de Pompadour ;<\/p>\n<p>\u25ba le Foyer de vie et la Maison d\u2019Accueil Sp\u00e9cialis\u00e9e de Vigeois.<\/p>\n<p style=\"text-align: justify;\">Les repas sont livr\u00e9s tous les jours du lundi au vendredi sur les sites en liaison froide (camion r\u00e9frig\u00e9r\u00e9) par deux agents de restauration.<\/p>\n<p style=\"text-align: justify;\">Les plats sont remis en temp\u00e9rature sur les diff\u00e9rents sites dans des offices relais.<\/p>\n<p>[\/et_pb_text][\/et_pb_column][\/et_pb_row][et_pb_row _builder_version=\u00a0\u00bb4.9.4&Prime; _module_preset=\u00a0\u00bbdefault\u00a0\u00bb global_colors_info=\u00a0\u00bb{}\u00a0\u00bb][et_pb_column type=\u00a0\u00bb4_4&Prime; _builder_version=\u00a0\u00bb4.9.4&Prime; _module_preset=\u00a0\u00bbdefault\u00a0\u00bb global_colors_info=\u00a0\u00bb{}\u00a0\u00bb][et_pb_divider show_divider=\u00a0\u00bboff\u00a0\u00bb _builder_version=\u00a0\u00bb4.9.4&Prime; _module_preset=\u00a0\u00bbdefault\u00a0\u00bb global_colors_info=\u00a0\u00bb{}\u00a0\u00bb][\/et_pb_divider][\/et_pb_column][\/et_pb_row][\/et_pb_section][et_pb_section fb_built=\u00a0\u00bb1&Prime; admin_label=\u00a0\u00bbSection Paragraphe\u00a0\u00bb _builder_version=\u00a0\u00bb4.9.4&Prime; _module_preset=\u00a0\u00bbdefault\u00a0\u00bb min_height=\u00a0\u00bb95px\u00a0\u00bb custom_padding=\u00a0\u00bb2px||1px|||\u00a0\u00bb global_colors_info=\u00a0\u00bb{}\u00a0\u00bb][et_pb_row _builder_version=\u00a0\u00bb4.9.4&Prime; _module_preset=\u00a0\u00bbdefault\u00a0\u00bb width=\u00a0\u00bb100%\u00a0\u00bb min_height=\u00a0\u00bb49px\u00a0\u00bb custom_margin=\u00a0\u00bb|auto||auto|false|false\u00a0\u00bb custom_padding=\u00a0\u00bb|0px||0px|false|false\u00a0\u00bb global_colors_info=\u00a0\u00bb{}\u00a0\u00bb][et_pb_column type=\u00a0\u00bb4_4&Prime; _builder_version=\u00a0\u00bb4.9.4&Prime; _module_preset=\u00a0\u00bbdefault\u00a0\u00bb custom_padding=\u00a0\u00bb|0px||0px|false|false\u00a0\u00bb global_colors_info=\u00a0\u00bb{}\u00a0\u00bb][et_pb_text admin_label=\u00a0\u00bbTitre\u00a0\u00bb _builder_version=\u00a0\u00bb4.9.5&Prime; _module_preset=\u00a0\u00bbdefault\u00a0\u00bb header_font=\u00a0\u00bb|600||on|||||\u00a0\u00bb header_text_color=\u00a0\u00bb#206ab6&Prime; module_alignment=\u00a0\u00bbleft\u00a0\u00bb custom_margin=\u00a0\u00bb|0px|-17px||false|false\u00a0\u00bb custom_padding=\u00a0\u00bb|0px|||false|false\u00a0\u00bb global_colors_info=\u00a0\u00bb{}\u00a0\u00bb]<\/p>\n<h1>EQUIPE PROFESSIONNELLE<\/h1>\n<p>[\/et_pb_text][et_pb_divider color=\u00a0\u00bb#206ab6&Prime; divider_position=\u00a0\u00bbbottom\u00a0\u00bb divider_weight=\u00a0\u00bb5px\u00a0\u00bb _builder_version=\u00a0\u00bb4.9.4&Prime; _module_preset=\u00a0\u00bbdefault\u00a0\u00bb custom_margin=\u00a0\u00bb|||0px|false|false\u00a0\u00bb custom_padding=\u00a0\u00bb|||0px|false|false\u00a0\u00bb global_colors_info=\u00a0\u00bb{}\u00a0\u00bb][\/et_pb_divider][\/et_pb_column][\/et_pb_row][et_pb_row _builder_version=\u00a0\u00bb4.9.4&Prime; _module_preset=\u00a0\u00bbdefault\u00a0\u00bb width=\u00a0\u00bb100%\u00a0\u00bb custom_padding=\u00a0\u00bb2px|||||\u00a0\u00bb global_colors_info=\u00a0\u00bb{}\u00a0\u00bb][et_pb_column type=\u00a0\u00bb4_4&Prime; _builder_version=\u00a0\u00bb4.9.4&Prime; _module_preset=\u00a0\u00bbdefault\u00a0\u00bb global_colors_info=\u00a0\u00bb{}\u00a0\u00bb][et_pb_text _builder_version=\u00a0\u00bb4.9.7&Prime; _module_preset=\u00a0\u00bbdefault\u00a0\u00bb text_text_color=\u00a0\u00bb#474747&Prime; text_font_size=\u00a0\u00bb19px\u00a0\u00bb text_line_height=\u00a0\u00bb2em\u00a0\u00bb global_colors_info=\u00a0\u00bb{}\u00a0\u00bb]<\/p>\n<p style=\"text-align: justify;\">Le service restauration rassemble deux \u00e9quipes qui sont\u00a0r\u00e9parties sur la cuisine centrale et l\u2019h\u00f4tellerie.<\/p>\n<p style=\"text-align: justify;\">Il compte 17 agents qui sont pilot\u00e9s par une Responsable restauration, di\u00e9t\u00e9ticienne de formation, elle-m\u00eame second\u00e9e par un Chef de production, cuisinier, qui pilote les diff\u00e9rentes zones de production chaude et froide, l\u2019allotissement, la livraison des repas.<\/p>\n<p style=\"text-align: justify;\">L\u2019\u00e9quipe h\u00f4teli\u00e8re a \u00e9t\u00e9 cr\u00e9\u00e9e en Janvier 2020 sur Vigeois lors de l\u2019am\u00e9nagement du nouveau foyer de vie. Les agents sont issus de la cuisine et un agent de l\u2019internat.<\/p>\n<p style=\"text-align: justify;\">Les membres du personnel suivent r\u00e9guli\u00e8rement des formations culinaires, th\u00e9rapeutiques, de service et sanitaires\u2026<\/p>\n<p style=\"text-align: justify;\">Une mani\u00e8re de ne pas rester sur des acquis et d\u2019\u00eatre en constante \u00e9volution, pour un niveau de performance optimale et r\u00e9pondre aux attentes, besoins et envies des R\u00e9sidents et professionnels de l\u2019ensemble de l\u2019\u00e9tablissement.<\/p>\n<p>[\/et_pb_text][\/et_pb_column][\/et_pb_row][et_pb_row _builder_version=\u00a0\u00bb4.9.4&Prime; _module_preset=\u00a0\u00bbdefault\u00a0\u00bb global_colors_info=\u00a0\u00bb{}\u00a0\u00bb][et_pb_column type=\u00a0\u00bb4_4&Prime; _builder_version=\u00a0\u00bb4.9.4&Prime; _module_preset=\u00a0\u00bbdefault\u00a0\u00bb global_colors_info=\u00a0\u00bb{}\u00a0\u00bb][et_pb_divider show_divider=\u00a0\u00bboff\u00a0\u00bb _builder_version=\u00a0\u00bb4.9.4&Prime; _module_preset=\u00a0\u00bbdefault\u00a0\u00bb global_colors_info=\u00a0\u00bb{}\u00a0\u00bb][\/et_pb_divider][\/et_pb_column][\/et_pb_row][\/et_pb_section][et_pb_section fb_built=\u00a0\u00bb1&Prime; admin_label=\u00a0\u00bbSection Paragraphe\u00a0\u00bb _builder_version=\u00a0\u00bb4.9.4&Prime; _module_preset=\u00a0\u00bbdefault\u00a0\u00bb min_height=\u00a0\u00bb95px\u00a0\u00bb custom_padding=\u00a0\u00bb2px||1px|||\u00a0\u00bb global_colors_info=\u00a0\u00bb{}\u00a0\u00bb][et_pb_row _builder_version=\u00a0\u00bb4.9.4&Prime; _module_preset=\u00a0\u00bbdefault\u00a0\u00bb width=\u00a0\u00bb100%\u00a0\u00bb min_height=\u00a0\u00bb49px\u00a0\u00bb custom_margin=\u00a0\u00bb|auto||auto|false|false\u00a0\u00bb custom_padding=\u00a0\u00bb|0px||0px|false|false\u00a0\u00bb global_colors_info=\u00a0\u00bb{}\u00a0\u00bb][et_pb_column type=\u00a0\u00bb4_4&Prime; _builder_version=\u00a0\u00bb4.9.4&Prime; _module_preset=\u00a0\u00bbdefault\u00a0\u00bb custom_padding=\u00a0\u00bb|0px||0px|false|false\u00a0\u00bb global_colors_info=\u00a0\u00bb{}\u00a0\u00bb][et_pb_text admin_label=\u00a0\u00bbTitre\u00a0\u00bb _builder_version=\u00a0\u00bb4.9.5&Prime; _module_preset=\u00a0\u00bbdefault\u00a0\u00bb header_font=\u00a0\u00bb|600||on|||||\u00a0\u00bb header_text_color=\u00a0\u00bb#206ab6&Prime; module_alignment=\u00a0\u00bbleft\u00a0\u00bb custom_margin=\u00a0\u00bb|0px|-17px||false|false\u00a0\u00bb custom_padding=\u00a0\u00bb|0px|||false|false\u00a0\u00bb global_colors_info=\u00a0\u00bb{}\u00a0\u00bb]<\/p>\n<h1>equipement<\/h1>\n<p>[\/et_pb_text][et_pb_divider color=\u00a0\u00bb#206ab6&Prime; divider_position=\u00a0\u00bbbottom\u00a0\u00bb divider_weight=\u00a0\u00bb5px\u00a0\u00bb _builder_version=\u00a0\u00bb4.9.4&Prime; _module_preset=\u00a0\u00bbdefault\u00a0\u00bb custom_margin=\u00a0\u00bb|||0px|false|false\u00a0\u00bb custom_padding=\u00a0\u00bb|||0px|false|false\u00a0\u00bb global_colors_info=\u00a0\u00bb{}\u00a0\u00bb][\/et_pb_divider][\/et_pb_column][\/et_pb_row][et_pb_row _builder_version=\u00a0\u00bb4.9.4&Prime; _module_preset=\u00a0\u00bbdefault\u00a0\u00bb width=\u00a0\u00bb100%\u00a0\u00bb custom_padding=\u00a0\u00bb2px|||||\u00a0\u00bb global_colors_info=\u00a0\u00bb{}\u00a0\u00bb][et_pb_column type=\u00a0\u00bb4_4&Prime; _builder_version=\u00a0\u00bb4.9.4&Prime; _module_preset=\u00a0\u00bbdefault\u00a0\u00bb global_colors_info=\u00a0\u00bb{}\u00a0\u00bb][et_pb_text _builder_version=\u00a0\u00bb4.9.7&Prime; _module_preset=\u00a0\u00bbdefault\u00a0\u00bb text_text_color=\u00a0\u00bb#474747&Prime; text_font_size=\u00a0\u00bb19px\u00a0\u00bb text_line_height=\u00a0\u00bb1.9em\u00a0\u00bb global_colors_info=\u00a0\u00bb{}\u00a0\u00bb]<\/p>\n<p style=\"text-align: justify;\">Outre l\u2019\u00e9quipement n\u00e9cessaire \u00e0 la pr\u00e9paration des repas, la cuisine centrale de l\u2019 EPDA est dot\u00e9e d\u2019une infrastructure qui lui permet de respecter la cha\u00eene du froid, la r\u00e9frig\u00e9ration et la remise en temp\u00e9rature des plats :<\/p>\n<p style=\"text-align: justify;\">\u25ba Chambres froides positives ;<\/p>\n<p style=\"text-align: justify;\">\u25ba Chambres froides n\u00e9gatives ;<\/p>\n<p style=\"text-align: justify;\">\u25ba Cellules de refroidissement ;<\/p>\n<p style=\"text-align: justify;\">\u25ba Un syst\u00e8me d\u2019alarme \u00ab sirius \u00bb qui permet en cas de probl\u00e8me sur un mat\u00e9riel r\u00e9frig\u00e9rant de donner l\u2019alerte \u00e0 chaque instant et surtout en dehors des p\u00e9riodes de pr\u00e9sence de l\u2019\u00e9quipe ;<\/p>\n<p style=\"text-align: justify;\">\u25ba Fours mixtes, sauteuses, thermoscelleuse, \u2026<\/p>\n<p>[\/et_pb_text][\/et_pb_column][\/et_pb_row][et_pb_row _builder_version=\u00a0\u00bb4.9.4&Prime; _module_preset=\u00a0\u00bbdefault\u00a0\u00bb global_colors_info=\u00a0\u00bb{}\u00a0\u00bb][et_pb_column type=\u00a0\u00bb4_4&Prime; _builder_version=\u00a0\u00bb4.9.4&Prime; _module_preset=\u00a0\u00bbdefault\u00a0\u00bb global_colors_info=\u00a0\u00bb{}\u00a0\u00bb][et_pb_divider show_divider=\u00a0\u00bboff\u00a0\u00bb _builder_version=\u00a0\u00bb4.9.4&Prime; _module_preset=\u00a0\u00bbdefault\u00a0\u00bb global_colors_info=\u00a0\u00bb{}\u00a0\u00bb][\/et_pb_divider][\/et_pb_column][\/et_pb_row][\/et_pb_section][et_pb_section fb_built=\u00a0\u00bb1&Prime; admin_label=\u00a0\u00bbSection Paragraphe\u00a0\u00bb _builder_version=\u00a0\u00bb4.9.4&Prime; _module_preset=\u00a0\u00bbdefault\u00a0\u00bb min_height=\u00a0\u00bb95px\u00a0\u00bb custom_padding=\u00a0\u00bb2px||1px|||\u00a0\u00bb global_colors_info=\u00a0\u00bb{}\u00a0\u00bb][et_pb_row _builder_version=\u00a0\u00bb4.9.4&Prime; _module_preset=\u00a0\u00bbdefault\u00a0\u00bb width=\u00a0\u00bb100%\u00a0\u00bb min_height=\u00a0\u00bb49px\u00a0\u00bb custom_margin=\u00a0\u00bb|auto||auto|false|false\u00a0\u00bb custom_padding=\u00a0\u00bb|0px||0px|false|false\u00a0\u00bb global_colors_info=\u00a0\u00bb{}\u00a0\u00bb][et_pb_column type=\u00a0\u00bb4_4&Prime; _builder_version=\u00a0\u00bb4.9.4&Prime; _module_preset=\u00a0\u00bbdefault\u00a0\u00bb custom_padding=\u00a0\u00bb|0px||0px|false|false\u00a0\u00bb global_colors_info=\u00a0\u00bb{}\u00a0\u00bb][et_pb_text admin_label=\u00a0\u00bbTitre\u00a0\u00bb _builder_version=\u00a0\u00bb4.9.5&Prime; _module_preset=\u00a0\u00bbdefault\u00a0\u00bb header_font=\u00a0\u00bb|600||on|||||\u00a0\u00bb header_text_color=\u00a0\u00bb#206ab6&Prime; module_alignment=\u00a0\u00bbleft\u00a0\u00bb min_height=\u00a0\u00bb42px\u00a0\u00bb custom_margin=\u00a0\u00bb|0px|-17px||false|false\u00a0\u00bb custom_padding=\u00a0\u00bb|0px|||false|false\u00a0\u00bb global_colors_info=\u00a0\u00bb{}\u00a0\u00bb]<\/p>\n<h1>equilibre et qualite : un engagement gustatif<\/h1>\n<p>[\/et_pb_text][et_pb_divider color=\u00a0\u00bb#206ab6&Prime; divider_position=\u00a0\u00bbbottom\u00a0\u00bb divider_weight=\u00a0\u00bb5px\u00a0\u00bb _builder_version=\u00a0\u00bb4.9.4&Prime; _module_preset=\u00a0\u00bbdefault\u00a0\u00bb custom_margin=\u00a0\u00bb|||0px|false|false\u00a0\u00bb custom_padding=\u00a0\u00bb|||0px|false|false\u00a0\u00bb global_colors_info=\u00a0\u00bb{}\u00a0\u00bb][\/et_pb_divider][\/et_pb_column][\/et_pb_row][et_pb_row _builder_version=\u00a0\u00bb4.9.4&Prime; _module_preset=\u00a0\u00bbdefault\u00a0\u00bb width=\u00a0\u00bb100%\u00a0\u00bb custom_padding=\u00a0\u00bb2px|||||\u00a0\u00bb global_colors_info=\u00a0\u00bb{}\u00a0\u00bb][et_pb_column type=\u00a0\u00bb4_4&Prime; _builder_version=\u00a0\u00bb4.9.4&Prime; _module_preset=\u00a0\u00bbdefault\u00a0\u00bb global_colors_info=\u00a0\u00bb{}\u00a0\u00bb][et_pb_text _builder_version=\u00a0\u00bb4.9.7&Prime; _module_preset=\u00a0\u00bbdefault\u00a0\u00bb text_text_color=\u00a0\u00bb#474747&Prime; text_font_size=\u00a0\u00bb19px\u00a0\u00bb text_line_height=\u00a0\u00bb2em\u00a0\u00bb text_orientation=\u00a0\u00bbjustified\u00a0\u00bb global_colors_info=\u00a0\u00bb{}\u00a0\u00bb]<\/p>\n<p style=\"text-align: justify;\">Un engagement qualitatif qui r\u00e9pond aux crit\u00e8res et aux normes d\u2019hygi\u00e8ne avec des contr\u00f4les sanitaires est en place. Chaque mois un pr\u00e9l\u00e8vement sanitaire sur plusieurs plats cuisin\u00e9s et un contr\u00f4le de surface sont effectu\u00e9s.<\/p>\n<p style=\"text-align: justify;\"><strong>La derni\u00e8re inspection des services v\u00e9t\u00e9rinaires en MARS 2019 a attribu\u00e9 \u00e0 notre \u00e9tablissement la mention de \u00ab Tr\u00e8s satisfaisante \u00bb sur le niveau de qualit\u00e9 d\u2019hygi\u00e8ne de la cuisine.<\/strong> La cuisine centrale de l\u2019EPDA du Glandier fort de cette reconnaissance, est lab\u00e9lis\u00e9e aupr\u00e8s du site <a href=\"http:\/\/www.alim-confiance.gouv.fr\">www.alim-confiance.gouv.fr<\/a> .<\/p>\n<p style=\"text-align: justify;\">Les produits travaill\u00e9s en\u00a0cuisine sont issus du march\u00e9 du GCS Achats-Nouvelle Aquitaine, fili\u00e8re GARA (Groupement Alimentaire R\u00e9gion Aquitaine) qui est pilot\u00e9e par le CH de DAX. Les administrateurs de ce march\u00e9 soucieux de la qualit\u00e9 des produits et de leur provenance font leur maximum pour obtenir un approvisionnement de proximit\u00e9 et frais (viande, fruits et l\u00e9gumes frais\u2026) tout en r\u00e9pondant aux obligations de la loi EGALIM.<\/p>\n<p style=\"text-align: justify;\">Les menus sont \u00e9labor\u00e9s par la Responsable restauration \u00e0 la suite des commissions restauration qui ont lieu sur les diff\u00e9rents sites de r\u00e9sidence une fois par trimestre. Ces menus tendent \u00e0 respecter au maximum les attentes, envies, aversions et besoins nutritionnels de l\u2019ensemble des R\u00e9sidents de l\u2019 EPDA du Glandier. Les menus sont ensuite valid\u00e9s par le r\u00e9seau limousin Linut qui intervient sur le site de l\u2019 EHPAD de Lubersac.<\/p>\n<p style=\"text-align: justify;\">QUALITE ORGANOLEPTIQUE, RESPECT du RESIDENT et de l\u2019 USAGER, CONVIVIALITE et COHESION D\u2019 EQUIPE sont les ma\u00eetres mots de l\u2019\u00e9tat d\u2019esprit du service restauration de l\u2019 EPDA du Glandier !<\/p>\n<p>[\/et_pb_text][et_pb_image src=\u00a0\u00bbhttps:\/\/epdaduglandier.fr\/wp-content\/uploads\/2021\/06\/logoDDSCP3.jpg\u00a0\u00bb title_text=\u00a0\u00bblogoDDSCP3&Prime; align=\u00a0\u00bbcenter\u00a0\u00bb _builder_version=\u00a0\u00bb4.9.5&Prime; _module_preset=\u00a0\u00bbdefault\u00a0\u00bb global_colors_info=\u00a0\u00bb{}\u00a0\u00bb][\/et_pb_image][\/et_pb_column][\/et_pb_row][et_pb_row _builder_version=\u00a0\u00bb4.9.4&Prime; _module_preset=\u00a0\u00bbdefault\u00a0\u00bb global_colors_info=\u00a0\u00bb{}\u00a0\u00bb][et_pb_column type=\u00a0\u00bb4_4&Prime; _builder_version=\u00a0\u00bb4.9.4&Prime; _module_preset=\u00a0\u00bbdefault\u00a0\u00bb global_colors_info=\u00a0\u00bb{}\u00a0\u00bb][et_pb_divider show_divider=\u00a0\u00bboff\u00a0\u00bb _builder_version=\u00a0\u00bb4.9.4&Prime; _module_preset=\u00a0\u00bbdefault\u00a0\u00bb global_colors_info=\u00a0\u00bb{}\u00a0\u00bb][\/et_pb_divider][\/et_pb_column][\/et_pb_row][\/et_pb_section][et_pb_section fb_built=\u00a0\u00bb1&Prime; admin_label=\u00a0\u00bbSection Paragraphe\u00a0\u00bb _builder_version=\u00a0\u00bb4.9.4&Prime; _module_preset=\u00a0\u00bbdefault\u00a0\u00bb min_height=\u00a0\u00bb95px\u00a0\u00bb custom_padding=\u00a0\u00bb2px||1px|||\u00a0\u00bb global_colors_info=\u00a0\u00bb{}\u00a0\u00bb][\/et_pb_section]<\/p>\n","protected":false},"excerpt":{"rendered":"<p>\t\t\t<!-- Flexy Breadcrumb -->\r\n\t\t\t<div class=\"fbc fbc-page\">\r\n\r\n\t\t\t\t<!-- Breadcrumb wrapper -->\r\n\t\t\t\t<div class=\"fbc-wrap\">\r\n\r\n\t\t\t\t\t<!-- Ordered list-->\r\n\t\t\t\t\t<ol class=\"fbc-items\" itemscope itemtype=\"https:\/\/schema.org\/BreadcrumbList\">\r\n\t\t\t\t\t\t            <li itemprop=\"itemListElement\" itemscope itemtype=\"https:\/\/schema.org\/ListItem\">\r\n                <span itemprop=\"name\">\r\n                    <!-- Home Link -->\r\n                    <a itemprop=\"item\" href=\"https:\/\/epdaduglandier.fr\">\r\n                    \r\n                                                    <i class=\"fa fa-home\" aria-hidden=\"true\"><\/i>Accueil                    <\/a>\r\n                <\/span>\r\n                <meta itemprop=\"position\" content=\"1\" \/><!-- Meta Position-->\r\n             <\/li><li><span class=\"fbc-separator\">><\/span><\/li><li class=\"active\" itemprop=\"itemListElement\" itemscope itemtype=\"https:\/\/schema.org\/ListItem\"><span itemprop=\"name\" title=\"Service Restauration\">Service Restauration<\/span><meta itemprop=\"position\" content=\"2\" \/><\/li>\t\t\t\t\t<\/ol>\r\n\t\t\t\t\t<div class=\"clearfix\"><\/div>\r\n\t\t\t\t<\/div>\r\n\t\t\t<\/div>\r\n\t\t\tpr\u00e9sentationLa cuisine centrale de l\u2019EPDA du Glandier a r\u00e9investi les locaux de la cuisine de l\u2019EHPAD de Lubersac le 1er Octobre 2018 apr\u00e8s un r\u00e9am\u00e9nagement r\u00e9alis\u00e9 par les services techniques de l\u2019EPDA durant le dernier semestre de l\u2019ann\u00e9e 2018. Ceci a fait suite \u00e0 la fusion des deux \u00e9tablissements en 2017\u00a0; puis \u00e0 la r\u00e9daction [&hellip;]<\/p>\n","protected":false},"author":3,"featured_media":0,"parent":94,"menu_order":0,"comment_status":"closed","ping_status":"closed","template":"","meta":{"_et_pb_use_builder":"on","_et_pb_old_content":"","_et_gb_content_width":"","footnotes":""},"class_list":["post-128","page","type-page","status-publish","hentry"],"yoast_head":"<!-- This site is optimized with the Yoast SEO plugin v27.5 - https:\/\/yoast.com\/product\/yoast-seo-wordpress\/ -->\n<title>Service Restauration - EPDA du Glandier<\/title>\n<meta name=\"robots\" content=\"index, follow, max-snippet:-1, max-image-preview:large, max-video-preview:-1\" \/>\n<link rel=\"canonical\" href=\"https:\/\/epdaduglandier.fr\/?page_id=128\" \/>\n<meta property=\"og:locale\" content=\"fr_FR\" \/>\n<meta property=\"og:type\" content=\"article\" \/>\n<meta property=\"og:title\" content=\"Service Restauration - EPDA du Glandier\" \/>\n<meta property=\"og:description\" content=\"pr\u00e9sentationLa cuisine centrale de l\u2019EPDA du Glandier a r\u00e9investi les locaux de la cuisine de l\u2019EHPAD de Lubersac le 1er Octobre 2018 apr\u00e8s un r\u00e9am\u00e9nagement r\u00e9alis\u00e9 par les services techniques de l\u2019EPDA durant le dernier semestre de l\u2019ann\u00e9e 2018. Ceci a fait suite \u00e0 la fusion des deux \u00e9tablissements en 2017\u00a0; puis \u00e0 la r\u00e9daction [&hellip;]\" \/>\n<meta property=\"og:url\" content=\"https:\/\/epdaduglandier.fr\/?page_id=128\" \/>\n<meta property=\"og:site_name\" content=\"EPDA du Glandier\" \/>\n<meta property=\"article:modified_time\" content=\"2021-08-17T12:27:45+00:00\" \/>\n<meta name=\"twitter:card\" content=\"summary_large_image\" \/>\n<meta name=\"twitter:label1\" content=\"Dur\u00e9e de lecture estim\u00e9e\" \/>\n\t<meta name=\"twitter:data1\" content=\"2 minutes\" \/>\n<script type=\"application\/ld+json\" class=\"yoast-schema-graph\">{\"@context\":\"https:\\\/\\\/schema.org\",\"@graph\":[{\"@type\":\"WebPage\",\"@id\":\"https:\\\/\\\/epdaduglandier.fr\\\/?page_id=128\",\"url\":\"https:\\\/\\\/epdaduglandier.fr\\\/?page_id=128\",\"name\":\"Service Restauration - EPDA du Glandier\",\"isPartOf\":{\"@id\":\"https:\\\/\\\/epdaduglandier.fr\\\/#website\"},\"datePublished\":\"2021-04-13T15:02:55+00:00\",\"dateModified\":\"2021-08-17T12:27:45+00:00\",\"breadcrumb\":{\"@id\":\"https:\\\/\\\/epdaduglandier.fr\\\/?page_id=128#breadcrumb\"},\"inLanguage\":\"fr-FR\",\"potentialAction\":[{\"@type\":\"ReadAction\",\"target\":[\"https:\\\/\\\/epdaduglandier.fr\\\/?page_id=128\"]}]},{\"@type\":\"BreadcrumbList\",\"@id\":\"https:\\\/\\\/epdaduglandier.fr\\\/?page_id=128#breadcrumb\",\"itemListElement\":[{\"@type\":\"ListItem\",\"position\":1,\"name\":\"Accueil\",\"item\":\"https:\\\/\\\/epdaduglandier.fr\\\/\"},{\"@type\":\"ListItem\",\"position\":2,\"name\":\"Nos services support\",\"item\":\"https:\\\/\\\/epdaduglandier.fr\\\/?page_id=94\"},{\"@type\":\"ListItem\",\"position\":3,\"name\":\"Service Restauration\"}]},{\"@type\":\"WebSite\",\"@id\":\"https:\\\/\\\/epdaduglandier.fr\\\/#website\",\"url\":\"https:\\\/\\\/epdaduglandier.fr\\\/\",\"name\":\"EPDA du Glandier\",\"description\":\"Etablissement Public D\u00e9partemental Autonome du Glandier\",\"potentialAction\":[{\"@type\":\"SearchAction\",\"target\":{\"@type\":\"EntryPoint\",\"urlTemplate\":\"https:\\\/\\\/epdaduglandier.fr\\\/?s={search_term_string}\"},\"query-input\":{\"@type\":\"PropertyValueSpecification\",\"valueRequired\":true,\"valueName\":\"search_term_string\"}}],\"inLanguage\":\"fr-FR\"}]}<\/script>\n<!-- \/ Yoast SEO plugin. -->","yoast_head_json":{"title":"Service Restauration - EPDA du Glandier","robots":{"index":"index","follow":"follow","max-snippet":"max-snippet:-1","max-image-preview":"max-image-preview:large","max-video-preview":"max-video-preview:-1"},"canonical":"https:\/\/epdaduglandier.fr\/?page_id=128","og_locale":"fr_FR","og_type":"article","og_title":"Service Restauration - EPDA du Glandier","og_description":"pr\u00e9sentationLa cuisine centrale de l\u2019EPDA du Glandier a r\u00e9investi les locaux de la cuisine de l\u2019EHPAD de Lubersac le 1er Octobre 2018 apr\u00e8s un r\u00e9am\u00e9nagement r\u00e9alis\u00e9 par les services techniques de l\u2019EPDA durant le dernier semestre de l\u2019ann\u00e9e 2018. Ceci a fait suite \u00e0 la fusion des deux \u00e9tablissements en 2017\u00a0; puis \u00e0 la r\u00e9daction [&hellip;]","og_url":"https:\/\/epdaduglandier.fr\/?page_id=128","og_site_name":"EPDA du Glandier","article_modified_time":"2021-08-17T12:27:45+00:00","twitter_card":"summary_large_image","twitter_misc":{"Dur\u00e9e de lecture estim\u00e9e":"2 minutes"},"schema":{"@context":"https:\/\/schema.org","@graph":[{"@type":"WebPage","@id":"https:\/\/epdaduglandier.fr\/?page_id=128","url":"https:\/\/epdaduglandier.fr\/?page_id=128","name":"Service Restauration - EPDA du Glandier","isPartOf":{"@id":"https:\/\/epdaduglandier.fr\/#website"},"datePublished":"2021-04-13T15:02:55+00:00","dateModified":"2021-08-17T12:27:45+00:00","breadcrumb":{"@id":"https:\/\/epdaduglandier.fr\/?page_id=128#breadcrumb"},"inLanguage":"fr-FR","potentialAction":[{"@type":"ReadAction","target":["https:\/\/epdaduglandier.fr\/?page_id=128"]}]},{"@type":"BreadcrumbList","@id":"https:\/\/epdaduglandier.fr\/?page_id=128#breadcrumb","itemListElement":[{"@type":"ListItem","position":1,"name":"Accueil","item":"https:\/\/epdaduglandier.fr\/"},{"@type":"ListItem","position":2,"name":"Nos services support","item":"https:\/\/epdaduglandier.fr\/?page_id=94"},{"@type":"ListItem","position":3,"name":"Service Restauration"}]},{"@type":"WebSite","@id":"https:\/\/epdaduglandier.fr\/#website","url":"https:\/\/epdaduglandier.fr\/","name":"EPDA du Glandier","description":"Etablissement Public D\u00e9partemental Autonome du Glandier","potentialAction":[{"@type":"SearchAction","target":{"@type":"EntryPoint","urlTemplate":"https:\/\/epdaduglandier.fr\/?s={search_term_string}"},"query-input":{"@type":"PropertyValueSpecification","valueRequired":true,"valueName":"search_term_string"}}],"inLanguage":"fr-FR"}]}},"publishpress_future_action":{"enabled":false,"date":"2026-05-05 16:11:16","action":"change-status","newStatus":"draft","terms":[],"taxonomy":"","extraData":[]},"publishpress_future_workflow_manual_trigger":{"enabledWorkflows":[]},"_links":{"self":[{"href":"https:\/\/epdaduglandier.fr\/index.php?rest_route=\/wp\/v2\/pages\/128","targetHints":{"allow":["GET"]}}],"collection":[{"href":"https:\/\/epdaduglandier.fr\/index.php?rest_route=\/wp\/v2\/pages"}],"about":[{"href":"https:\/\/epdaduglandier.fr\/index.php?rest_route=\/wp\/v2\/types\/page"}],"author":[{"embeddable":true,"href":"https:\/\/epdaduglandier.fr\/index.php?rest_route=\/wp\/v2\/users\/3"}],"replies":[{"embeddable":true,"href":"https:\/\/epdaduglandier.fr\/index.php?rest_route=%2Fwp%2Fv2%2Fcomments&post=128"}],"version-history":[{"count":20,"href":"https:\/\/epdaduglandier.fr\/index.php?rest_route=\/wp\/v2\/pages\/128\/revisions"}],"predecessor-version":[{"id":2273,"href":"https:\/\/epdaduglandier.fr\/index.php?rest_route=\/wp\/v2\/pages\/128\/revisions\/2273"}],"up":[{"embeddable":true,"href":"https:\/\/epdaduglandier.fr\/index.php?rest_route=\/wp\/v2\/pages\/94"}],"wp:attachment":[{"href":"https:\/\/epdaduglandier.fr\/index.php?rest_route=%2Fwp%2Fv2%2Fmedia&parent=128"}],"curies":[{"name":"wp","href":"https:\/\/api.w.org\/{rel}","templated":true}]}}