{"id":772,"date":"2021-05-27T15:17:28","date_gmt":"2021-05-27T14:17:28","guid":{"rendered":"http:\/\/epdaduglandier.fr\/?page_id=772"},"modified":"2021-11-04T15:20:51","modified_gmt":"2021-11-04T14:20:51","slug":"contact","status":"publish","type":"page","link":"https:\/\/epdaduglandier.fr\/?page_id=772","title":{"rendered":"Contact"},"content":{"rendered":"<p>[et_pb_section fb_built=\u00a0\u00bb1&Prime; fullwidth=\u00a0\u00bbon\u00a0\u00bb module_id=\u00a0\u00bbid_modele_header\u00a0\u00bb module_class=\u00a0\u00bbclasse_modele_header\u00a0\u00bb _builder_version=\u00a0\u00bb4.9.4&Prime; _module_preset=\u00a0\u00bbdefault\u00a0\u00bb background_color=\u00a0\u00bbrgba(107,107,107,0.82)\u00a0\u00bb background_image=\u00a0\u00bbhttps:\/\/epdaduglandier.fr\/wp-content\/uploads\/2018\/02\/MAS-vigeois.jpg\u00a0\u00bb background_blend=\u00a0\u00bbsoft-light\u00a0\u00bb min_height=\u00a0\u00bb300px\u00a0\u00bb custom_margin=\u00a0\u00bb-27px||||false|false\u00a0\u00bb global_colors_info=\u00a0\u00bb{}\u00a0\u00bb theme_builder_area=\u00a0\u00bbpost_content\u00a0\u00bb][et_pb_fullwidth_header title=\u00a0\u00bb@ET-DC@eyJkeW5hbWljIjp0cnVlLCJjb250ZW50IjoicG9zdF90aXRsZSIsInNldHRpbmdzIjp7ImJlZm9yZSI6IiIsImFmdGVyIjoiIn19@\u00a0\u00bb background_overlay_color=\u00a0\u00bbRGBA(0,0,0,0)\u00a0\u00bb _builder_version=\u00a0\u00bb4.12.1&Prime; _dynamic_attributes=\u00a0\u00bbtitle\u00a0\u00bb _module_preset=\u00a0\u00bbdefault\u00a0\u00bb title_font=\u00a0\u00bb|600||||||#ac3b1b|solid\u00a0\u00bb title_text_align=\u00a0\u00bbleft\u00a0\u00bb title_text_color=\u00a0\u00bb#ffffff\u00a0\u00bb title_line_height=\u00a0\u00bb5.5em\u00a0\u00bb background_color=\u00a0\u00bb#0C71C3&Prime; background_enable_image=\u00a0\u00bboff\u00a0\u00bb hover_enabled=\u00a0\u00bb0&Prime; title_text_shadow_style=\u00a0\u00bbpreset1&Prime; title_text_shadow_blur_strength=\u00a0\u00bb0.19em\u00a0\u00bb title_text_shadow_color=\u00a0\u00bbRGBA(0,0,0,0)\u00a0\u00bb global_colors_info=\u00a0\u00bb{}\u00a0\u00bb theme_builder_area=\u00a0\u00bbpost_content\u00a0\u00bb sticky_enabled=\u00a0\u00bb0&Prime;][\/et_pb_fullwidth_header][\/et_pb_section][et_pb_section fb_built=\u00a0\u00bb1&Prime; _builder_version=\u00a0\u00bb4.9.4&Prime; _module_preset=\u00a0\u00bbdefault\u00a0\u00bb global_colors_info=\u00a0\u00bb{}\u00a0\u00bb theme_builder_area=\u00a0\u00bbpost_content\u00a0\u00bb][et_pb_row _builder_version=\u00a0\u00bb4.9.4&Prime; _module_preset=\u00a0\u00bbdefault\u00a0\u00bb global_colors_info=\u00a0\u00bb{}\u00a0\u00bb theme_builder_area=\u00a0\u00bbpost_content\u00a0\u00bb][et_pb_column type=\u00a0\u00bb4_4&Prime; _builder_version=\u00a0\u00bb4.9.4&Prime; _module_preset=\u00a0\u00bbdefault\u00a0\u00bb global_colors_info=\u00a0\u00bb{}\u00a0\u00bb theme_builder_area=\u00a0\u00bbpost_content\u00a0\u00bb][et_pb_code _builder_version=\u00a0\u00bb4.9.4&Prime; _module_preset=\u00a0\u00bbdefault\u00a0\u00bb custom_margin=\u00a0\u00bb|||-15px|false|false\u00a0\u00bb global_colors_info=\u00a0\u00bb{}\u00a0\u00bb theme_builder_area=\u00a0\u00bbpost_content\u00a0\u00bb]\t\t\t<!-- Flexy Breadcrumb -->\r\n\t\t\t<div class=\"fbc fbc-page\">\r\n\r\n\t\t\t\t<!-- Breadcrumb wrapper -->\r\n\t\t\t\t<div class=\"fbc-wrap\">\r\n\r\n\t\t\t\t\t<!-- Ordered list-->\r\n\t\t\t\t\t<ol class=\"fbc-items\" itemscope itemtype=\"https:\/\/schema.org\/BreadcrumbList\">\r\n\t\t\t\t\t\t            <li itemprop=\"itemListElement\" itemscope itemtype=\"https:\/\/schema.org\/ListItem\">\r\n                <span itemprop=\"name\">\r\n                    <!-- Home Link -->\r\n                    <a itemprop=\"item\" href=\"https:\/\/epdaduglandier.fr\">\r\n                    \r\n                                                    <i class=\"fa fa-home\" aria-hidden=\"true\"><\/i>Accueil                    <\/a>\r\n                <\/span>\r\n                <meta itemprop=\"position\" content=\"1\" \/><!-- Meta Position-->\r\n             <\/li><li><span class=\"fbc-separator\">><\/span><\/li><li class=\"active\" itemprop=\"itemListElement\" itemscope itemtype=\"https:\/\/schema.org\/ListItem\"><span itemprop=\"name\" title=\"Contact\">Contact<\/span><meta itemprop=\"position\" content=\"2\" \/><\/li>\t\t\t\t\t<\/ol>\r\n\t\t\t\t\t<div class=\"clearfix\"><\/div>\r\n\t\t\t\t<\/div>\r\n\t\t\t<\/div>\r\n\t\t\t[\/et_pb_code][\/et_pb_column][\/et_pb_row][\/et_pb_section][et_pb_section fb_built=\u00a0\u00bb1&Prime; _builder_version=\u00a0\u00bb4.9.4&Prime; _module_preset=\u00a0\u00bbdefault\u00a0\u00bb min_height=\u00a0\u00bb95px\u00a0\u00bb custom_padding=\u00a0\u00bb2px||1px|||\u00a0\u00bb global_colors_info=\u00a0\u00bb{}\u00a0\u00bb theme_builder_area=\u00a0\u00bbpost_content\u00a0\u00bb][et_pb_row _builder_version=\u00a0\u00bb4.9.4&Prime; _module_preset=\u00a0\u00bbdefault\u00a0\u00bb width=\u00a0\u00bb100%\u00a0\u00bb min_height=\u00a0\u00bb49px\u00a0\u00bb custom_margin=\u00a0\u00bb|auto||auto|false|false\u00a0\u00bb custom_padding=\u00a0\u00bb|0px||0px|false|false\u00a0\u00bb global_colors_info=\u00a0\u00bb{}\u00a0\u00bb theme_builder_area=\u00a0\u00bbpost_content\u00a0\u00bb][et_pb_column type=\u00a0\u00bb4_4&Prime; _builder_version=\u00a0\u00bb4.9.4&Prime; _module_preset=\u00a0\u00bbdefault\u00a0\u00bb custom_padding=\u00a0\u00bb|0px||0px|false|false\u00a0\u00bb global_colors_info=\u00a0\u00bb{}\u00a0\u00bb theme_builder_area=\u00a0\u00bbpost_content\u00a0\u00bb][et_pb_text _builder_version=\u00a0\u00bb4.9.4&Prime; _module_preset=\u00a0\u00bbdefault\u00a0\u00bb header_font=\u00a0\u00bb|600||on|||||\u00a0\u00bb header_text_color=\u00a0\u00bb#206ab6&Prime; module_alignment=\u00a0\u00bbleft\u00a0\u00bb custom_margin=\u00a0\u00bb|0px|-17px||false|false\u00a0\u00bb custom_padding=\u00a0\u00bb|0px|||false|false\u00a0\u00bb global_colors_info=\u00a0\u00bb{}\u00a0\u00bb theme_builder_area=\u00a0\u00bbpost_content\u00a0\u00bb]<\/p>\n<h1>Coordonn\u00e9es<\/h1>\n<p>[\/et_pb_text][et_pb_divider color=\u00a0\u00bb#206ab6&Prime; divider_position=\u00a0\u00bbbottom\u00a0\u00bb divider_weight=\u00a0\u00bb5px\u00a0\u00bb _builder_version=\u00a0\u00bb4.9.4&Prime; _module_preset=\u00a0\u00bbdefault\u00a0\u00bb custom_margin=\u00a0\u00bb|||0px|false|false\u00a0\u00bb custom_padding=\u00a0\u00bb|||0px|false|false\u00a0\u00bb global_colors_info=\u00a0\u00bb{}\u00a0\u00bb theme_builder_area=\u00a0\u00bbpost_content\u00a0\u00bb][\/et_pb_divider][\/et_pb_column][\/et_pb_row][et_pb_row column_structure=\u00a0\u00bb1_3,1_3,1_3&Prime; _builder_version=\u00a0\u00bb4.9.4&Prime; _module_preset=\u00a0\u00bbdefault\u00a0\u00bb width=\u00a0\u00bb100%\u00a0\u00bb custom_padding=\u00a0\u00bb50px||||false|false\u00a0\u00bb global_colors_info=\u00a0\u00bb{}\u00a0\u00bb theme_builder_area=\u00a0\u00bbpost_content\u00a0\u00bb][et_pb_column type=\u00a0\u00bb1_3&Prime; _builder_version=\u00a0\u00bb4.9.4&Prime; _module_preset=\u00a0\u00bbdefault\u00a0\u00bb global_colors_info=\u00a0\u00bb{}\u00a0\u00bb theme_builder_area=\u00a0\u00bbpost_content\u00a0\u00bb][et_pb_text _builder_version=\u00a0\u00bb4.9.4&Prime; _module_preset=\u00a0\u00bbdefault\u00a0\u00bb text_orientation=\u00a0\u00bbcenter\u00a0\u00bb global_colors_info=\u00a0\u00bb{}\u00a0\u00bb theme_builder_area=\u00a0\u00bbpost_content\u00a0\u00bb]<\/p>\n<p><i class=\"fas fa-phone\" style=\"font-size:40px\"><\/i><\/p>\n<p>T\u00e9l\u00e9phone \/ Fax<\/p>\n<p>[\/et_pb_text][et_pb_divider color=\u00a0\u00bb#000000&Prime; divider_weight=\u00a0\u00bb2px\u00a0\u00bb _builder_version=\u00a0\u00bb4.9.4&Prime; _module_preset=\u00a0\u00bbdefault\u00a0\u00bb custom_margin=\u00a0\u00bb||0px||false|false\u00a0\u00bb custom_padding=\u00a0\u00bb|100px||100px|false|false\u00a0\u00bb global_colors_info=\u00a0\u00bb{}\u00a0\u00bb theme_builder_area=\u00a0\u00bbpost_content\u00a0\u00bb][\/et_pb_divider][et_pb_text _builder_version=\u00a0\u00bb4.9.4&Prime; _module_preset=\u00a0\u00bbdefault\u00a0\u00bb text_font_size=\u00a0\u00bb20px\u00a0\u00bb text_orientation=\u00a0\u00bbcenter\u00a0\u00bb global_colors_info=\u00a0\u00bb{}\u00a0\u00bb theme_builder_area=\u00a0\u00bbpost_content\u00a0\u00bb]05 55 73 81 00<br \/>\n05 55 73 67 07[\/et_pb_text][\/et_pb_column][et_pb_column type=\u00a0\u00bb1_3&Prime; _builder_version=\u00a0\u00bb4.9.4&Prime; _module_preset=\u00a0\u00bbdefault\u00a0\u00bb global_colors_info=\u00a0\u00bb{}\u00a0\u00bb theme_builder_area=\u00a0\u00bbpost_content\u00a0\u00bb][et_pb_text _builder_version=\u00a0\u00bb4.9.4&Prime; _module_preset=\u00a0\u00bbdefault\u00a0\u00bb text_orientation=\u00a0\u00bbcenter\u00a0\u00bb global_colors_info=\u00a0\u00bb{}\u00a0\u00bb theme_builder_area=\u00a0\u00bbpost_content\u00a0\u00bb]<\/p>\n<p><i class=\"fas fa-map-marked-alt\" style=\"font-size:40px\"><\/i><\/p>\n<p>Si\u00e8ge social<\/p>\n<p>[\/et_pb_text][et_pb_divider color=\u00a0\u00bb#000000&Prime; divider_weight=\u00a0\u00bb2px\u00a0\u00bb _builder_version=\u00a0\u00bb4.9.4&Prime; _module_preset=\u00a0\u00bbdefault\u00a0\u00bb custom_margin=\u00a0\u00bb||0px||false|false\u00a0\u00bb custom_padding=\u00a0\u00bb|100px||100px|false|false\u00a0\u00bb global_colors_info=\u00a0\u00bb{}\u00a0\u00bb theme_builder_area=\u00a0\u00bbpost_content\u00a0\u00bb][\/et_pb_divider][et_pb_text _builder_version=\u00a0\u00bb4.9.4&Prime; _module_preset=\u00a0\u00bbdefault\u00a0\u00bb text_font_size=\u00a0\u00bb20px\u00a0\u00bb text_orientation=\u00a0\u00bbcenter\u00a0\u00bb global_colors_info=\u00a0\u00bb{}\u00a0\u00bb theme_builder_area=\u00a0\u00bbpost_content\u00a0\u00bb]8 avenue du Ch\u00e2teau<br \/>\n19210 Lubersac[\/et_pb_text][\/et_pb_column][et_pb_column type=\u00a0\u00bb1_3&Prime; _builder_version=\u00a0\u00bb4.9.4&Prime; _module_preset=\u00a0\u00bbdefault\u00a0\u00bb global_colors_info=\u00a0\u00bb{}\u00a0\u00bb theme_builder_area=\u00a0\u00bbpost_content\u00a0\u00bb][et_pb_text _builder_version=\u00a0\u00bb4.9.4&Prime; _module_preset=\u00a0\u00bbdefault\u00a0\u00bb text_orientation=\u00a0\u00bbcenter\u00a0\u00bb global_colors_info=\u00a0\u00bb{}\u00a0\u00bb theme_builder_area=\u00a0\u00bbpost_content\u00a0\u00bb]<\/p>\n<p><i class=\"fas fa-envelope\" style=\"font-size:40px\"><\/i><\/p>\n<p>Email<\/a>[\/et_pb_text][et_pb_divider color=\u00a0\u00bb#000000&Prime; divider_weight=\u00a0\u00bb2px\u00a0\u00bb _builder_version=\u00a0\u00bb4.9.4&Prime; _module_preset=\u00a0\u00bbdefault\u00a0\u00bb custom_margin=\u00a0\u00bb||0px||false|false\u00a0\u00bb custom_padding=\u00a0\u00bb|100px||100px|false|false\u00a0\u00bb global_colors_info=\u00a0\u00bb{}\u00a0\u00bb theme_builder_area=\u00a0\u00bbpost_content\u00a0\u00bb][\/et_pb_divider][et_pb_text _builder_version=\u00a0\u00bb4.9.4&Prime; _module_preset=\u00a0\u00bbdefault\u00a0\u00bb text_font_size=\u00a0\u00bb20px\u00a0\u00bb text_orientation=\u00a0\u00bbcenter\u00a0\u00bb global_colors_info=\u00a0\u00bb{}\u00a0\u00bb theme_builder_area=\u00a0\u00bbpost_content\u00a0\u00bb]epda@epdaduglandier.fr[\/et_pb_text][\/et_pb_column][\/et_pb_row][et_pb_row _builder_version=\u00a0\u00bb4.9.4&Prime; _module_preset=\u00a0\u00bbdefault\u00a0\u00bb global_colors_info=\u00a0\u00bb{}\u00a0\u00bb theme_builder_area=\u00a0\u00bbpost_content\u00a0\u00bb][et_pb_column type=\u00a0\u00bb4_4&Prime; _builder_version=\u00a0\u00bb4.9.4&Prime; _module_preset=\u00a0\u00bbdefault\u00a0\u00bb global_colors_info=\u00a0\u00bb{}\u00a0\u00bb theme_builder_area=\u00a0\u00bbpost_content\u00a0\u00bb][et_pb_divider show_divider=\u00a0\u00bboff\u00a0\u00bb _builder_version=\u00a0\u00bb4.9.4&Prime; _module_preset=\u00a0\u00bbdefault\u00a0\u00bb global_colors_info=\u00a0\u00bb{}\u00a0\u00bb theme_builder_area=\u00a0\u00bbpost_content\u00a0\u00bb][\/et_pb_divider][\/et_pb_column][\/et_pb_row][\/et_pb_section][et_pb_section fb_built=\u00a0\u00bb1&Prime; _builder_version=\u00a0\u00bb4.9.4&Prime; _module_preset=\u00a0\u00bbdefault\u00a0\u00bb min_height=\u00a0\u00bb95px\u00a0\u00bb custom_padding=\u00a0\u00bb2px||1px|||\u00a0\u00bb global_colors_info=\u00a0\u00bb{}\u00a0\u00bb theme_builder_area=\u00a0\u00bbpost_content\u00a0\u00bb][et_pb_row _builder_version=\u00a0\u00bb4.9.4&Prime; _module_preset=\u00a0\u00bbdefault\u00a0\u00bb width=\u00a0\u00bb100%\u00a0\u00bb min_height=\u00a0\u00bb49px\u00a0\u00bb custom_margin=\u00a0\u00bb|auto||auto|false|false\u00a0\u00bb custom_padding=\u00a0\u00bb|0px||0px|false|false\u00a0\u00bb global_colors_info=\u00a0\u00bb{}\u00a0\u00bb theme_builder_area=\u00a0\u00bbpost_content\u00a0\u00bb][et_pb_column type=\u00a0\u00bb4_4&Prime; _builder_version=\u00a0\u00bb4.9.4&Prime; _module_preset=\u00a0\u00bbdefault\u00a0\u00bb custom_padding=\u00a0\u00bb|0px||0px|false|false\u00a0\u00bb global_colors_info=\u00a0\u00bb{}\u00a0\u00bb theme_builder_area=\u00a0\u00bbpost_content\u00a0\u00bb][et_pb_text _builder_version=\u00a0\u00bb4.9.4&Prime; _module_preset=\u00a0\u00bbdefault\u00a0\u00bb header_font=\u00a0\u00bb|600||on|||||\u00a0\u00bb header_text_color=\u00a0\u00bb#206ab6&Prime; module_alignment=\u00a0\u00bbleft\u00a0\u00bb custom_margin=\u00a0\u00bb|0px|-17px||false|false\u00a0\u00bb custom_padding=\u00a0\u00bb|0px|||false|false\u00a0\u00bb global_colors_info=\u00a0\u00bb{}\u00a0\u00bb theme_builder_area=\u00a0\u00bbpost_content\u00a0\u00bb]<\/p>\n<h1>Plan d&rsquo;acc\u00e8s<\/h1>\n<p>[\/et_pb_text][et_pb_divider color=\u00a0\u00bb#206ab6&Prime; divider_position=\u00a0\u00bbbottom\u00a0\u00bb divider_weight=\u00a0\u00bb5px\u00a0\u00bb _builder_version=\u00a0\u00bb4.9.4&Prime; _module_preset=\u00a0\u00bbdefault\u00a0\u00bb custom_margin=\u00a0\u00bb|||0px|false|false\u00a0\u00bb custom_padding=\u00a0\u00bb|||0px|false|false\u00a0\u00bb global_colors_info=\u00a0\u00bb{}\u00a0\u00bb theme_builder_area=\u00a0\u00bbpost_content\u00a0\u00bb][\/et_pb_divider][\/et_pb_column][\/et_pb_row][et_pb_row _builder_version=\u00a0\u00bb4.9.4&Prime; _module_preset=\u00a0\u00bbdefault\u00a0\u00bb global_colors_info=\u00a0\u00bb{}\u00a0\u00bb theme_builder_area=\u00a0\u00bbpost_content\u00a0\u00bb][et_pb_column type=\u00a0\u00bb4_4&Prime; _builder_version=\u00a0\u00bb4.9.4&Prime; _module_preset=\u00a0\u00bbdefault\u00a0\u00bb global_colors_info=\u00a0\u00bb{}\u00a0\u00bb theme_builder_area=\u00a0\u00bbpost_content\u00a0\u00bb][et_pb_code _builder_version=\u00a0\u00bb4.9.4&Prime; _module_preset=\u00a0\u00bbdefault\u00a0\u00bb global_colors_info=\u00a0\u00bb{}\u00a0\u00bb theme_builder_area=\u00a0\u00bbpost_content\u00a0\u00bb]<style type=\"text\/css\" id=\"umsMapStyles_1_36823\">\r\n    #ultimate_maps_1_36823 {\r\n        width: 100%;\r\n        height: 500px;\r\n                border: 0px solid ;\r\n        margin: 0px;\r\n    }\r\n    #mapsControlsNum_1_36823 {\r\n        width:100%    }\r\n    .umsMapDetailsContainer#umsMapDetailsContainer_1_36823 {\r\n        height:500px;\r\n    }\r\n    .ums_MapPreview#ultimate_maps_1_36823 {\r\n        \/*position:absolute;*\/\r\n        width:100%;\r\n    }\r\n    #mapConElem_1_36823{\r\n        width:100%    }\r\n    <\/style><div class=\"ums_map_opts\" id=\"mapConElem_1_36823\" data-id=\"1\" data-view-id=\"1_36823\" > <div class=\"umsMapDetailsContainer\" id=\"umsMapDetailsContainer_1_36823\"> <i class=\"umsKMLLayersPreloader fa fa-spinner fa-spin\" aria-hidden=\"true\" style=\"display: none;\"><\/i> <div class=\"ums_MapPreview \" id=\"ultimate_maps_1_36823\"><\/div> <\/div> <div class=\"umsMapMarkerFilters\" id=\"umsMapMarkerFilters_1_36823\"> <\/div> <div class=\"umsMapProControlsCon\" id=\"umsMapProControlsCon_1_36823\"> <\/div> <div class=\"umsMapProDirectionsCon\" id=\"umsMapProDirectionsCon_1_36823\" > <\/div> <div class=\"umsMapProKmlFilterCon\" id=\"umsMapProKmlFilterCon_1_36823\" > <\/div> <div class=\"umsSocialSharingShell umsSocialSharingShell_1_36823\"> <\/div> <div style=\"clear: both;\"><\/div> <\/div><script type=\"text\/javascript\">(function(){var mapData={\"id\":\"1\",\"title\":\"EPDA\",\"engine\":null,\"params\":{\"width_units\":\"%\",\"membershipEnable\":\"0\",\"adapt_map_to_screen_height\":\"0\",\"type\":null,\"map_type\":\"https:\\\/\\\/{s}.tile.openstreetmap.org\\\/{z}\\\/{x}\\\/{y}.png\",\"map_display_mode\":\"map\",\"map_center\":{\"address\":\"Champtiaux, Saint-Pardoux-Corbier, Brive-la-Gaillarde, Corr\\u00e8ze, Nouvelle-Aquitaine, France m\\u00e9tropolitaine, 19230, France\",\"coord_x\":\"45.41339444694751\",\"coord_y\":\"1.4529331664127423\"},\"language\":null,\"enable_zoom\":null,\"enable_mouse_zoom\":null,\"mouse_wheel_zoom\":\"1\",\"zoom_type\":null,\"zoom\":\"12\",\"zoom_mobile\":\"8\",\"zoom_min\":\"3\",\"zoom_max\":\"18\",\"navigation_bar_mode\":\"full\",\"zoom_control\":null,\"dbl_click_zoom\":\"1\",\"street_view_control\":null,\"pan_control\":null,\"overview_control\":null,\"draggable\":\"enable\",\"map_stylization\":null,\"marker_title_color\":\"#000000\",\"marker_title_size\":\"19\",\"marker_title_size_units\":\"px\",\"marker_desc_size\":\"13\",\"marker_desc_size_units\":\"px\",\"hide_marker_tooltip\":null,\"center_on_cur_marker_infownd\":null,\"marker_infownd_type\":null,\"marker_infownd_hide_close_btn\":null,\"marker_infownd_width\":\"200\",\"marker_infownd_width_units\":\"auto\",\"marker_infownd_height\":\"100\",\"marker_infownd_height_units\":\"auto\",\"marker_infownd_bg_color\":\"#FFFFFF\",\"marker_clasterer\":\"none\",\"marker_clasterer_icon\":null,\"marker_clasterer_icon_width\":null,\"marker_clasterer_icon_height\":null,\"marker_clasterer_grid_size\":\"60\",\"marker_clasterer_background_color\":\"#2196f3\",\"marker_clasterer_border_color\":\"#1c7ba7\",\"marker_clasterer_text_color\":\"white\",\"marker_filter_color\":null,\"marker_filter_button_title\":null,\"marker_hover\":\"1\",\"slider_simple_table_width_dimension\":null,\"slider_simple_table_width_title\":null,\"slider_simple_table_width_address\":null,\"slider_simple_table_width_description\":null,\"slider_simple_table_width_getdirection\":null,\"markers_list_type\":\"\",\"markers_list_color\":\"#55BA68\",\"is_static\":null,\"hide_empty_block\":null,\"autoplay_slider\":null,\"slide_duration\":null,\"view_id\":\"1_36823\",\"view_html_id\":\"ultimate_maps_1_36823\",\"id\":\"1\",\"ss_html\":\"\"},\"html_options\":{\"width\":\"100\",\"height\":\"500\"},\"create_date\":\"2021-05-28 13:10:17\",\"markers\":[{\"id\":\"1\",\"title\":\"Foyer de vie, Foyer d H\\u00e9bergement, Si\\u00e8ge Social - LUBERSAC\",\"description\":\"\\r\\n\\u003Ci class=\\u0022fas fa-map-marked-alt\\u0022 style=\\u0022margin-right: 10px;\\u0022\\u003E\\u003C\\\/i\\u003E8 Avenue du Ch\\u00e2teau, 19210 Lubersac\\r\\n\\r\\n\\u003Ci class=\\u0022fas fa-phone\\u0022 style=\\u0022margin-right: 10px;\\u0022\\u003E\\u003C\\\/i\\u003E 05 55 73 81 00\\r\\n\\r\\n\\u003Ci class=\\u0022fas fa-envelope\\u0022 style=\\u0022margin-right: 10px;\\u0022\\u003E\\u003C\\\/i\\u003Eepda@epdaduglandier.fr\",\"coord_x\":\"45.4395928\",\"coord_y\":\"1.3995762\",\"icon\":\"42\",\"map_id\":\"1\",\"marker_group_id\":\"0\",\"address\":\"\",\"animation\":null,\"create_date\":\"2021-05-28 13:13:34\",\"params\":{\"marker_link_src\":\"\"},\"sort_order\":\"1\",\"user_id\":null,\"period_from\":null,\"period_to\":null,\"hash\":null,\"marker_group_ids\":[],\"icon_data\":{\"id\":\"42\",\"title\":\"pin\",\"description\":\"yellow\",\"path\":\"https:\\\/\\\/epdaduglandier.fr\\\/wp-content\\\/plugins\\\/ultimate-maps-by-supsystic\\\/modules\\\/icons\\\/icons_files\\\/def_icons\\\/yellow_std.png\",\"width\":\"26\",\"height\":\"36\",\"is_def\":\"1\"}},{\"id\":\"2\",\"title\":\"Maison Accueil Sp\\u00e9cialis\\u00e9e \\u0026 Foyer de Vie - VIGEOIS\",\"description\":\"\\u003Cp\\u003E\\u003Ci class=\\u0022fas fa-map-marked-alt\\u0022 style=\\u0022margin-right: 10px;\\u0022\\u003E\\u003C\\\/i\\u003ELa C\\u00f4te, 19410 Vigeois\\r\\n\\r\\n\\u003Ci class=\\u0022fas fa-phone\\u0022 style=\\u0022margin-right: 10px;\\u0022\\u003E\\u003C\\\/i\\u003E 05 55 73 81 00\\r\\n\\r\\n\\u003Ci class=\\u0022fas fa-envelope\\u0022 style=\\u0022margin-right: 10px;\\u0022\\u003E\\u003C\\\/i\\u003Eepda@epdaduglandier.fr\\u003C\\\/p\\u003E\",\"coord_x\":\"45.382115005916\",\"coord_y\":\"1.5207939761331\",\"icon\":\"18\",\"map_id\":\"1\",\"marker_group_id\":\"3\",\"address\":\"La C\\u00f4te, 19410 Vigeois\",\"animation\":null,\"create_date\":\"2021-05-28 13:34:32\",\"params\":{\"marker_link_src\":\"\"},\"sort_order\":\"2\",\"user_id\":null,\"period_from\":null,\"period_to\":null,\"hash\":null,\"marker_group_ids\":[\"3\"],\"icon_data\":{\"id\":\"18\",\"title\":\"marker\",\"description\":\"blue,pin\",\"path\":\"https:\\\/\\\/epdaduglandier.fr\\\/wp-content\\\/plugins\\\/ultimate-maps-by-supsystic\\\/modules\\\/icons\\\/icons_files\\\/def_icons\\\/blue_std.png\",\"width\":\"26\",\"height\":\"36\",\"is_def\":\"1\"}},{\"id\":\"3\",\"title\":\"Foyer d H\\u00e9bergement - POMPADOUR\",\"description\":\"\\r\\n\\u003Ci class=\\u0022fas fa-map-marked-alt\\u0022 style=\\u0022margin-right: 10px;\\u0022\\u003E\\u003C\\\/i\\u003E19231 Arnac Pompadour\\r\\n\\r\\n\\u003Ci class=\\u0022fas fa-phone\\u0022 style=\\u0022margin-right: 10px;\\u0022\\u003E\\u003C\\\/i\\u003E 05 55 73 81 00\\r\\n\\r\\n\\u003Ci class=\\u0022fas fa-envelope\\u0022 style=\\u0022margin-right: 10px;\\u0022\\u003E\\u003C\\\/i\\u003Eepda@epdaduglandier.fr\\r\\n\\r\\n\",\"coord_x\":\"45.395315956866\",\"coord_y\":\"1.382561041699\",\"icon\":\"30\",\"map_id\":\"1\",\"marker_group_id\":\"0\",\"address\":\"19231 ARNAC POMPADOUR CEDEX\",\"animation\":null,\"create_date\":\"2021-05-28 13:36:29\",\"params\":{\"marker_link_src\":\"\"},\"sort_order\":\"3\",\"user_id\":null,\"period_from\":null,\"period_to\":null,\"hash\":null,\"marker_group_ids\":[],\"icon_data\":{\"id\":\"30\",\"title\":\"pin\",\"description\":\"red\",\"path\":\"https:\\\/\\\/epdaduglandier.fr\\\/wp-content\\\/plugins\\\/ultimate-maps-by-supsystic\\\/modules\\\/icons\\\/icons_files\\\/def_icons\\\/red_std.png\",\"width\":\"26\",\"height\":\"36\",\"is_def\":\"1\"}},{\"id\":\"4\",\"title\":\"EHPAD Le Jardin de Bagatelle\",\"description\":\"\\r\\n\\u003Ci class=\\u0022fas fa-map-marked-alt\\u0022 style=\\u0022margin-right: 10px;\\u0022\\u003E\\u003C\\\/i\\u003E\\u003Cspan\\u003EAvenue Charles de Gaulle, 19210 Lubersac\\u003C\\\/span\\u003E\\r\\n\\r\\n\\u003Ci class=\\u0022fas fa-phone\\u0022 style=\\u0022margin-right: 10px;\\u0022\\u003E\\u003C\\\/i\\u003E 05 55 98 70 45\\r\\n\\r\\n\\u003Ci class=\\u0022fas fa-envelope\\u0022 style=\\u0022margin-right: 10px;\\u0022\\u003E\\u003C\\\/i\\u003E epda@epdaduglandier.fr\\r\\n\\r\\n\",\"coord_x\":\"45.440576613331\",\"coord_y\":\"1.3979671534791\",\"icon\":\"21\",\"map_id\":\"1\",\"marker_group_id\":\"0\",\"address\":\"Avenue Charles de Gaulle, 19210 Lubersac\",\"animation\":null,\"create_date\":\"2021-05-28 13:37:33\",\"params\":{\"marker_link_src\":\"\"},\"sort_order\":\"4\",\"user_id\":null,\"period_from\":null,\"period_to\":null,\"hash\":null,\"marker_group_ids\":[],\"icon_data\":{\"id\":\"21\",\"title\":\"pin\",\"description\":\"green\",\"path\":\"https:\\\/\\\/epdaduglandier.fr\\\/wp-content\\\/plugins\\\/ultimate-maps-by-supsystic\\\/modules\\\/icons\\\/icons_files\\\/def_icons\\\/green_std.png\",\"width\":\"26\",\"height\":\"36\",\"is_def\":\"1\"}}],\"original_id\":\"1\",\"view_id\":\"1_36823\",\"view_html_id\":\"ultimate_maps_1_36823\"};window.umsAllMapsInfo=window.umsAllMapsInfo||[];window.umsAllMapsInfo.push(mapData);if(typeof window.umsWaitForFrontendMaps===\"function\"){window.umsWaitForFrontendMaps();}else if(typeof window.umsInitPendingMaps===\"function\"){window.umsInitPendingMaps();}}());<\/script>[\/et_pb_code][\/et_pb_column][\/et_pb_row][et_pb_row _builder_version=\u00a0\u00bb4.9.4&Prime; _module_preset=\u00a0\u00bbdefault\u00a0\u00bb global_colors_info=\u00a0\u00bb{}\u00a0\u00bb theme_builder_area=\u00a0\u00bbpost_content\u00a0\u00bb][et_pb_column type=\u00a0\u00bb4_4&Prime; _builder_version=\u00a0\u00bb4.9.4&Prime; _module_preset=\u00a0\u00bbdefault\u00a0\u00bb global_colors_info=\u00a0\u00bb{}\u00a0\u00bb theme_builder_area=\u00a0\u00bbpost_content\u00a0\u00bb][et_pb_divider show_divider=\u00a0\u00bboff\u00a0\u00bb _builder_version=\u00a0\u00bb4.9.4&Prime; _module_preset=\u00a0\u00bbdefault\u00a0\u00bb global_colors_info=\u00a0\u00bb{}\u00a0\u00bb theme_builder_area=\u00a0\u00bbpost_content\u00a0\u00bb][\/et_pb_divider][\/et_pb_column][\/et_pb_row][\/et_pb_section]<\/p>\n","protected":false},"excerpt":{"rendered":"<p>\t\t\t<!-- Flexy Breadcrumb -->\r\n\t\t\t<div class=\"fbc fbc-page\">\r\n\r\n\t\t\t\t<!-- Breadcrumb wrapper -->\r\n\t\t\t\t<div class=\"fbc-wrap\">\r\n\r\n\t\t\t\t\t<!-- Ordered list-->\r\n\t\t\t\t\t<ol class=\"fbc-items\" itemscope itemtype=\"https:\/\/schema.org\/BreadcrumbList\">\r\n\t\t\t\t\t\t            <li itemprop=\"itemListElement\" itemscope itemtype=\"https:\/\/schema.org\/ListItem\">\r\n                <span itemprop=\"name\">\r\n                    <!-- Home Link -->\r\n                    <a itemprop=\"item\" href=\"https:\/\/epdaduglandier.fr\">\r\n                    \r\n                                                    <i class=\"fa fa-home\" aria-hidden=\"true\"><\/i>Accueil                    <\/a>\r\n                <\/span>\r\n                <meta itemprop=\"position\" content=\"1\" \/><!-- Meta Position-->\r\n             <\/li><li><span class=\"fbc-separator\">><\/span><\/li><li class=\"active\" itemprop=\"itemListElement\" itemscope itemtype=\"https:\/\/schema.org\/ListItem\"><span itemprop=\"name\" title=\"Contact\">Contact<\/span><meta itemprop=\"position\" content=\"2\" \/><\/li>\t\t\t\t\t<\/ol>\r\n\t\t\t\t\t<div class=\"clearfix\"><\/div>\r\n\t\t\t\t<\/div>\r\n\t\t\t<\/div>\r\n\t\t\tCoordonn\u00e9es T\u00e9l\u00e9phone \/ Fax05 55 73 81 00 05 55 73 67 07 Si\u00e8ge social8 avenue du Ch\u00e2teau 19210 Lubersac Emailepda@epdaduglandier.frPlan d&rsquo;acc\u00e8s<style type=\"text\/css\" id=\"umsMapStyles_1_37872\">\r\n    #ultimate_maps_1_37872 {\r\n        width: 100%;\r\n        height: 500px;\r\n                border: 0px solid ;\r\n        margin: 0px;\r\n    }\r\n    #mapsControlsNum_1_37872 {\r\n        width:100%    }\r\n    .umsMapDetailsContainer#umsMapDetailsContainer_1_37872 {\r\n        height:500px;\r\n    }\r\n    .ums_MapPreview#ultimate_maps_1_37872 {\r\n        \/*position:absolute;*\/\r\n        width:100%;\r\n    }\r\n    #mapConElem_1_37872{\r\n        width:100%    }\r\n    <\/style><div class=\"ums_map_opts\" id=\"mapConElem_1_37872\" data-id=\"1\" data-view-id=\"1_37872\" > <div class=\"umsMapDetailsContainer\" id=\"umsMapDetailsContainer_1_37872\"> <i class=\"umsKMLLayersPreloader fa fa-spinner fa-spin\" aria-hidden=\"true\" style=\"display: none;\"><\/i> <div class=\"ums_MapPreview \" id=\"ultimate_maps_1_37872\"><\/div> <\/div> <div class=\"umsMapMarkerFilters\" id=\"umsMapMarkerFilters_1_37872\"> <\/div> <div class=\"umsMapProControlsCon\" id=\"umsMapProControlsCon_1_37872\"> <\/div> <div class=\"umsMapProDirectionsCon\" id=\"umsMapProDirectionsCon_1_37872\" > <\/div> <div class=\"umsMapProKmlFilterCon\" id=\"umsMapProKmlFilterCon_1_37872\" > <\/div> <div class=\"umsSocialSharingShell umsSocialSharingShell_1_37872\"> <\/div> <div style=\"clear: both;\"><\/div> <\/div><script type=\"text\/javascript\">(function(){var mapData={\"id\":\"1\",\"title\":\"EPDA\",\"engine\":null,\"params\":{\"width_units\":\"%\",\"membershipEnable\":\"0\",\"adapt_map_to_screen_height\":\"0\",\"type\":null,\"map_type\":\"https:\\\/\\\/{s}.tile.openstreetmap.org\\\/{z}\\\/{x}\\\/{y}.png\",\"map_display_mode\":\"map\",\"map_center\":{\"address\":\"Champtiaux, Saint-Pardoux-Corbier, Brive-la-Gaillarde, Corr\\u00e8ze, Nouvelle-Aquitaine, France m\\u00e9tropolitaine, 19230, France\",\"coord_x\":\"45.41339444694751\",\"coord_y\":\"1.4529331664127423\"},\"language\":null,\"enable_zoom\":null,\"enable_mouse_zoom\":null,\"mouse_wheel_zoom\":\"1\",\"zoom_type\":null,\"zoom\":\"12\",\"zoom_mobile\":\"8\",\"zoom_min\":\"3\",\"zoom_max\":\"18\",\"navigation_bar_mode\":\"full\",\"zoom_control\":null,\"dbl_click_zoom\":\"1\",\"street_view_control\":null,\"pan_control\":null,\"overview_control\":null,\"draggable\":\"enable\",\"map_stylization\":null,\"marker_title_color\":\"#000000\",\"marker_title_size\":\"19\",\"marker_title_size_units\":\"px\",\"marker_desc_size\":\"13\",\"marker_desc_size_units\":\"px\",\"hide_marker_tooltip\":null,\"center_on_cur_marker_infownd\":null,\"marker_infownd_type\":null,\"marker_infownd_hide_close_btn\":null,\"marker_infownd_width\":\"200\",\"marker_infownd_width_units\":\"auto\",\"marker_infownd_height\":\"100\",\"marker_infownd_height_units\":\"auto\",\"marker_infownd_bg_color\":\"#FFFFFF\",\"marker_clasterer\":\"none\",\"marker_clasterer_icon\":null,\"marker_clasterer_icon_width\":null,\"marker_clasterer_icon_height\":null,\"marker_clasterer_grid_size\":\"60\",\"marker_clasterer_background_color\":\"#2196f3\",\"marker_clasterer_border_color\":\"#1c7ba7\",\"marker_clasterer_text_color\":\"white\",\"marker_filter_color\":null,\"marker_filter_button_title\":null,\"marker_hover\":\"1\",\"slider_simple_table_width_dimension\":null,\"slider_simple_table_width_title\":null,\"slider_simple_table_width_address\":null,\"slider_simple_table_width_description\":null,\"slider_simple_table_width_getdirection\":null,\"markers_list_type\":\"\",\"markers_list_color\":\"#55BA68\",\"is_static\":null,\"hide_empty_block\":null,\"autoplay_slider\":null,\"slide_duration\":null,\"view_id\":\"1_37872\",\"view_html_id\":\"ultimate_maps_1_37872\",\"id\":\"1\",\"ss_html\":\"\"},\"html_options\":{\"width\":\"100\",\"height\":\"500\"},\"create_date\":\"2021-05-28 13:10:17\",\"markers\":[{\"id\":\"1\",\"title\":\"Foyer de vie, Foyer d H\\u00e9bergement, Si\\u00e8ge Social - LUBERSAC\",\"description\":\"\\r\\n\\u003Ci class=\\u0022fas fa-map-marked-alt\\u0022 style=\\u0022margin-right: 10px;\\u0022\\u003E\\u003C\\\/i\\u003E8 Avenue du Ch\\u00e2teau, 19210 Lubersac\\r\\n\\r\\n\\u003Ci class=\\u0022fas fa-phone\\u0022 style=\\u0022margin-right: 10px;\\u0022\\u003E\\u003C\\\/i\\u003E 05 55 73 81 00\\r\\n\\r\\n\\u003Ci class=\\u0022fas fa-envelope\\u0022 style=\\u0022margin-right: 10px;\\u0022\\u003E\\u003C\\\/i\\u003Eepda@epdaduglandier.fr\",\"coord_x\":\"45.4395928\",\"coord_y\":\"1.3995762\",\"icon\":\"42\",\"map_id\":\"1\",\"marker_group_id\":\"0\",\"address\":\"\",\"animation\":null,\"create_date\":\"2021-05-28 13:13:34\",\"params\":{\"marker_link_src\":\"\"},\"sort_order\":\"1\",\"user_id\":null,\"period_from\":null,\"period_to\":null,\"hash\":null,\"marker_group_ids\":[],\"icon_data\":{\"id\":\"42\",\"title\":\"pin\",\"description\":\"yellow\",\"path\":\"https:\\\/\\\/epdaduglandier.fr\\\/wp-content\\\/plugins\\\/ultimate-maps-by-supsystic\\\/modules\\\/icons\\\/icons_files\\\/def_icons\\\/yellow_std.png\",\"width\":\"26\",\"height\":\"36\",\"is_def\":\"1\"}},{\"id\":\"2\",\"title\":\"Maison Accueil Sp\\u00e9cialis\\u00e9e \\u0026 Foyer de Vie - VIGEOIS\",\"description\":\"\\u003Cp\\u003E\\u003Ci class=\\u0022fas fa-map-marked-alt\\u0022 style=\\u0022margin-right: 10px;\\u0022\\u003E\\u003C\\\/i\\u003ELa C\\u00f4te, 19410 Vigeois\\r\\n\\r\\n\\u003Ci class=\\u0022fas fa-phone\\u0022 style=\\u0022margin-right: 10px;\\u0022\\u003E\\u003C\\\/i\\u003E 05 55 73 81 00\\r\\n\\r\\n\\u003Ci class=\\u0022fas fa-envelope\\u0022 style=\\u0022margin-right: 10px;\\u0022\\u003E\\u003C\\\/i\\u003Eepda@epdaduglandier.fr\\u003C\\\/p\\u003E\",\"coord_x\":\"45.382115005916\",\"coord_y\":\"1.5207939761331\",\"icon\":\"18\",\"map_id\":\"1\",\"marker_group_id\":\"3\",\"address\":\"La C\\u00f4te, 19410 Vigeois\",\"animation\":null,\"create_date\":\"2021-05-28 13:34:32\",\"params\":{\"marker_link_src\":\"\"},\"sort_order\":\"2\",\"user_id\":null,\"period_from\":null,\"period_to\":null,\"hash\":null,\"marker_group_ids\":[\"3\"],\"icon_data\":{\"id\":\"18\",\"title\":\"marker\",\"description\":\"blue,pin\",\"path\":\"https:\\\/\\\/epdaduglandier.fr\\\/wp-content\\\/plugins\\\/ultimate-maps-by-supsystic\\\/modules\\\/icons\\\/icons_files\\\/def_icons\\\/blue_std.png\",\"width\":\"26\",\"height\":\"36\",\"is_def\":\"1\"}},{\"id\":\"3\",\"title\":\"Foyer d H\\u00e9bergement - POMPADOUR\",\"description\":\"\\r\\n\\u003Ci class=\\u0022fas fa-map-marked-alt\\u0022 style=\\u0022margin-right: 10px;\\u0022\\u003E\\u003C\\\/i\\u003E19231 Arnac Pompadour\\r\\n\\r\\n\\u003Ci class=\\u0022fas fa-phone\\u0022 style=\\u0022margin-right: 10px;\\u0022\\u003E\\u003C\\\/i\\u003E 05 55 73 81 00\\r\\n\\r\\n\\u003Ci class=\\u0022fas fa-envelope\\u0022 style=\\u0022margin-right: 10px;\\u0022\\u003E\\u003C\\\/i\\u003Eepda@epdaduglandier.fr\\r\\n\\r\\n\",\"coord_x\":\"45.395315956866\",\"coord_y\":\"1.382561041699\",\"icon\":\"30\",\"map_id\":\"1\",\"marker_group_id\":\"0\",\"address\":\"19231 ARNAC POMPADOUR CEDEX\",\"animation\":null,\"create_date\":\"2021-05-28 13:36:29\",\"params\":{\"marker_link_src\":\"\"},\"sort_order\":\"3\",\"user_id\":null,\"period_from\":null,\"period_to\":null,\"hash\":null,\"marker_group_ids\":[],\"icon_data\":{\"id\":\"30\",\"title\":\"pin\",\"description\":\"red\",\"path\":\"https:\\\/\\\/epdaduglandier.fr\\\/wp-content\\\/plugins\\\/ultimate-maps-by-supsystic\\\/modules\\\/icons\\\/icons_files\\\/def_icons\\\/red_std.png\",\"width\":\"26\",\"height\":\"36\",\"is_def\":\"1\"}},{\"id\":\"4\",\"title\":\"EHPAD Le Jardin de Bagatelle\",\"description\":\"\\r\\n\\u003Ci class=\\u0022fas fa-map-marked-alt\\u0022 style=\\u0022margin-right: 10px;\\u0022\\u003E\\u003C\\\/i\\u003E\\u003Cspan\\u003EAvenue Charles de Gaulle, 19210 Lubersac\\u003C\\\/span\\u003E\\r\\n\\r\\n\\u003Ci class=\\u0022fas fa-phone\\u0022 style=\\u0022margin-right: 10px;\\u0022\\u003E\\u003C\\\/i\\u003E 05 55 98 70 45\\r\\n\\r\\n\\u003Ci class=\\u0022fas fa-envelope\\u0022 style=\\u0022margin-right: 10px;\\u0022\\u003E\\u003C\\\/i\\u003E epda@epdaduglandier.fr\\r\\n\\r\\n\",\"coord_x\":\"45.440576613331\",\"coord_y\":\"1.3979671534791\",\"icon\":\"21\",\"map_id\":\"1\",\"marker_group_id\":\"0\",\"address\":\"Avenue Charles de Gaulle, 19210 Lubersac\",\"animation\":null,\"create_date\":\"2021-05-28 13:37:33\",\"params\":{\"marker_link_src\":\"\"},\"sort_order\":\"4\",\"user_id\":null,\"period_from\":null,\"period_to\":null,\"hash\":null,\"marker_group_ids\":[],\"icon_data\":{\"id\":\"21\",\"title\":\"pin\",\"description\":\"green\",\"path\":\"https:\\\/\\\/epdaduglandier.fr\\\/wp-content\\\/plugins\\\/ultimate-maps-by-supsystic\\\/modules\\\/icons\\\/icons_files\\\/def_icons\\\/green_std.png\",\"width\":\"26\",\"height\":\"36\",\"is_def\":\"1\"}}],\"original_id\":\"1\",\"view_id\":\"1_37872\",\"view_html_id\":\"ultimate_maps_1_37872\"};window.umsAllMapsInfo=window.umsAllMapsInfo||[];window.umsAllMapsInfo.push(mapData);if(typeof window.umsWaitForFrontendMaps===\"function\"){window.umsWaitForFrontendMaps();}else if(typeof window.umsInitPendingMaps===\"function\"){window.umsInitPendingMaps();}}());<\/script><\/p>\n","protected":false},"author":3,"featured_media":0,"parent":0,"menu_order":0,"comment_status":"closed","ping_status":"closed","template":"","meta":{"_et_pb_use_builder":"on","_et_pb_old_content":"","_et_gb_content_width":"","footnotes":""},"class_list":["post-772","page","type-page","status-publish","hentry"],"yoast_head":"<!-- This site is optimized with the Yoast SEO plugin v28.4 - https:\/\/yoast.com\/product\/yoast-seo-wordpress\/ -->\n<title>Contact - EPDA du Glandier<\/title>\n<meta name=\"robots\" content=\"index, follow, max-snippet:-1, max-image-preview:large, max-video-preview:-1\" \/>\n<link rel=\"canonical\" href=\"https:\/\/epdaduglandier.fr\/?page_id=772\" \/>\n<meta property=\"og:locale\" content=\"fr_FR\" \/>\n<meta property=\"og:type\" content=\"article\" \/>\n<meta property=\"og:title\" content=\"Contact - EPDA du Glandier\" \/>\n<meta property=\"og:description\" content=\"Coordonn\u00e9es T\u00e9l\u00e9phone \/ Fax05 55 73 81 00 05 55 73 67 07 Si\u00e8ge social8 avenue du Ch\u00e2teau 19210 Lubersac Emailepda@epdaduglandier.frPlan d&#039;acc\u00e8s\" \/>\n<meta property=\"og:url\" content=\"https:\/\/epdaduglandier.fr\/?page_id=772\" \/>\n<meta property=\"og:site_name\" content=\"EPDA du Glandier\" \/>\n<meta property=\"article:modified_time\" content=\"2021-11-04T14:20:51+00:00\" \/>\n<meta name=\"twitter:card\" content=\"summary_large_image\" \/>\n<script type=\"application\/ld+json\" class=\"yoast-schema-graph\">{\"@context\":\"https:\\\/\\\/schema.org\",\"@graph\":[{\"@type\":\"WebPage\",\"@id\":\"https:\\\/\\\/epdaduglandier.fr\\\/?page_id=772\",\"url\":\"https:\\\/\\\/epdaduglandier.fr\\\/?page_id=772\",\"name\":\"Contact - EPDA du Glandier\",\"isPartOf\":{\"@id\":\"https:\\\/\\\/epdaduglandier.fr\\\/#website\"},\"datePublished\":\"2021-05-27T14:17:28+00:00\",\"dateModified\":\"2021-11-04T14:20:51+00:00\",\"breadcrumb\":{\"@id\":\"https:\\\/\\\/epdaduglandier.fr\\\/?page_id=772#breadcrumb\"},\"inLanguage\":\"fr-FR\",\"potentialAction\":[{\"@type\":\"ReadAction\",\"target\":[\"https:\\\/\\\/epdaduglandier.fr\\\/?page_id=772\"]}]},{\"@type\":\"BreadcrumbList\",\"@id\":\"https:\\\/\\\/epdaduglandier.fr\\\/?page_id=772#breadcrumb\",\"itemListElement\":[{\"@type\":\"ListItem\",\"position\":1,\"name\":\"Accueil\",\"item\":\"https:\\\/\\\/epdaduglandier.fr\\\/\"},{\"@type\":\"ListItem\",\"position\":2,\"name\":\"Contact\"}]},{\"@type\":\"WebSite\",\"@id\":\"https:\\\/\\\/epdaduglandier.fr\\\/#website\",\"url\":\"https:\\\/\\\/epdaduglandier.fr\\\/\",\"name\":\"EPDA du Glandier\",\"description\":\"Etablissement Public D\u00e9partemental Autonome du Glandier\",\"potentialAction\":[{\"@type\":\"SearchAction\",\"target\":{\"@type\":\"EntryPoint\",\"urlTemplate\":\"https:\\\/\\\/epdaduglandier.fr\\\/?s={search_term_string}\"},\"query-input\":{\"@type\":\"PropertyValueSpecification\",\"valueRequired\":true,\"valueName\":\"search_term_string\"}}],\"inLanguage\":\"fr-FR\"}]}<\/script>\n<!-- \/ Yoast SEO plugin. -->","yoast_head_json":{"title":"Contact - EPDA du Glandier","robots":{"index":"index","follow":"follow","max-snippet":"max-snippet:-1","max-image-preview":"max-image-preview:large","max-video-preview":"max-video-preview:-1"},"canonical":"https:\/\/epdaduglandier.fr\/?page_id=772","og_locale":"fr_FR","og_type":"article","og_title":"Contact - EPDA du Glandier","og_description":"Coordonn\u00e9es T\u00e9l\u00e9phone \/ Fax05 55 73 81 00 05 55 73 67 07 Si\u00e8ge social8 avenue du Ch\u00e2teau 19210 Lubersac Emailepda@epdaduglandier.frPlan d'acc\u00e8s","og_url":"https:\/\/epdaduglandier.fr\/?page_id=772","og_site_name":"EPDA du Glandier","article_modified_time":"2021-11-04T14:20:51+00:00","twitter_card":"summary_large_image","schema":{"@context":"https:\/\/schema.org","@graph":[{"@type":"WebPage","@id":"https:\/\/epdaduglandier.fr\/?page_id=772","url":"https:\/\/epdaduglandier.fr\/?page_id=772","name":"Contact - EPDA du Glandier","isPartOf":{"@id":"https:\/\/epdaduglandier.fr\/#website"},"datePublished":"2021-05-27T14:17:28+00:00","dateModified":"2021-11-04T14:20:51+00:00","breadcrumb":{"@id":"https:\/\/epdaduglandier.fr\/?page_id=772#breadcrumb"},"inLanguage":"fr-FR","potentialAction":[{"@type":"ReadAction","target":["https:\/\/epdaduglandier.fr\/?page_id=772"]}]},{"@type":"BreadcrumbList","@id":"https:\/\/epdaduglandier.fr\/?page_id=772#breadcrumb","itemListElement":[{"@type":"ListItem","position":1,"name":"Accueil","item":"https:\/\/epdaduglandier.fr\/"},{"@type":"ListItem","position":2,"name":"Contact"}]},{"@type":"WebSite","@id":"https:\/\/epdaduglandier.fr\/#website","url":"https:\/\/epdaduglandier.fr\/","name":"EPDA du Glandier","description":"Etablissement Public D\u00e9partemental Autonome du Glandier","potentialAction":[{"@type":"SearchAction","target":{"@type":"EntryPoint","urlTemplate":"https:\/\/epdaduglandier.fr\/?s={search_term_string}"},"query-input":{"@type":"PropertyValueSpecification","valueRequired":true,"valueName":"search_term_string"}}],"inLanguage":"fr-FR"}]}},"publishpress_future_action":{"enabled":false,"date":"2026-09-12 07:19:36","action":"change-status","newStatus":"draft","terms":[],"taxonomy":"","extraData":[]},"publishpress_future_workflow_manual_trigger":{"enabledWorkflows":[]},"_links":{"self":[{"href":"https:\/\/epdaduglandier.fr\/index.php?rest_route=\/wp\/v2\/pages\/772","targetHints":{"allow":["GET"]}}],"collection":[{"href":"https:\/\/epdaduglandier.fr\/index.php?rest_route=\/wp\/v2\/pages"}],"about":[{"href":"https:\/\/epdaduglandier.fr\/index.php?rest_route=\/wp\/v2\/types\/page"}],"author":[{"embeddable":true,"href":"https:\/\/epdaduglandier.fr\/index.php?rest_route=\/wp\/v2\/users\/3"}],"replies":[{"embeddable":true,"href":"https:\/\/epdaduglandier.fr\/index.php?rest_route=%2Fwp%2Fv2%2Fcomments&post=772"}],"version-history":[{"count":12,"href":"https:\/\/epdaduglandier.fr\/index.php?rest_route=\/wp\/v2\/pages\/772\/revisions"}],"predecessor-version":[{"id":2467,"href":"https:\/\/epdaduglandier.fr\/index.php?rest_route=\/wp\/v2\/pages\/772\/revisions\/2467"}],"wp:attachment":[{"href":"https:\/\/epdaduglandier.fr\/index.php?rest_route=%2Fwp%2Fv2%2Fmedia&parent=772"}],"curies":[{"name":"wp","href":"https:\/\/api.w.org\/{rel}","templated":true}]}}