{"id":93,"date":"2021-04-13T14:53:57","date_gmt":"2021-04-13T13:53:57","guid":{"rendered":"http:\/\/epdaduglandier.fr\/?page_id=93"},"modified":"2025-11-20T15:14:51","modified_gmt":"2025-11-20T14:14:51","slug":"esat-2","status":"publish","type":"page","link":"https:\/\/epdaduglandier.fr\/?page_id=93","title":{"rendered":"SAT"},"content":{"rendered":"<p>[et_pb_section fb_built=\u00a0\u00bb1&Prime; fullwidth=\u00a0\u00bbon\u00a0\u00bb admin_label=\u00a0\u00bbSection banni\u00e8re image\u00a0\u00bb module_id=\u00a0\u00bbid_modele_header\u00a0\u00bb module_class=\u00a0\u00bbclasse_modele_header\u00a0\u00bb _builder_version=\u00a0\u00bb4.16&Prime; _module_preset=\u00a0\u00bbdefault\u00a0\u00bb background_color=\u00a0\u00bbrgba(107,107,107,0.82)\u00a0\u00bb background_image=\u00a0\u00bbhttps:\/\/epdaduglandier.fr\/wp-content\/uploads\/2021\/05\/SAT-RECADRE-1500par-300.jpg\u00a0\u00bb background_blend=\u00a0\u00bbhard-light\u00a0\u00bb min_height=\u00a0\u00bb300px\u00a0\u00bb custom_margin=\u00a0\u00bb-27px||||false|false\u00a0\u00bb global_colors_info=\u00a0\u00bb{}\u00a0\u00bb][et_pb_fullwidth_header title=\u00a0\u00bbService d&rsquo;accompagnement par le travail\u00a0\u00bb background_overlay_color=\u00a0\u00bbRGBA(0,0,0,0)\u00a0\u00bb admin_label=\u00a0\u00bbTitre\u00a0\u00bb _builder_version=\u00a0\u00bb4.16&Prime; _module_preset=\u00a0\u00bbdefault\u00a0\u00bb title_font=\u00a0\u00bb|700|||||||\u00a0\u00bb title_text_align=\u00a0\u00bbleft\u00a0\u00bb title_text_color=\u00a0\u00bb#FFFFFF\u00a0\u00bb title_line_height=\u00a0\u00bb2.5em\u00a0\u00bb background_color=\u00a0\u00bbRGBA(0,0,0,0)\u00a0\u00bb background_enable_image=\u00a0\u00bboff\u00a0\u00bb title_text_shadow_style=\u00a0\u00bbpreset3&Prime; title_text_shadow_color=\u00a0\u00bbRGBA(0,0,0,0)\u00a0\u00bb global_colors_info=\u00a0\u00bb{}\u00a0\u00bb][\/et_pb_fullwidth_header][\/et_pb_section][et_pb_section fb_built=\u00a0\u00bb1&Prime; admin_label=\u00a0\u00bbSection Fil d&rsquo;ariane\u00a0\u00bb _builder_version=\u00a0\u00bb4.16&Prime; _module_preset=\u00a0\u00bbdefault\u00a0\u00bb global_colors_info=\u00a0\u00bb{}\u00a0\u00bb][et_pb_row _builder_version=\u00a0\u00bb4.16&Prime; _module_preset=\u00a0\u00bbdefault\u00a0\u00bb global_colors_info=\u00a0\u00bb{}\u00a0\u00bb][et_pb_column type=\u00a0\u00bb4_4&Prime; _builder_version=\u00a0\u00bb4.16&Prime; _module_preset=\u00a0\u00bbdefault\u00a0\u00bb global_colors_info=\u00a0\u00bb{}\u00a0\u00bb][et_pb_code admin_label=\u00a0\u00bbFil d&rsquo;ariane\u00a0\u00bb _builder_version=\u00a0\u00bb4.16&Prime; _module_preset=\u00a0\u00bbdefault\u00a0\u00bb custom_margin=\u00a0\u00bb|||-15px|false|false\u00a0\u00bb global_colors_info=\u00a0\u00bb{}\u00a0\u00bb]\t\t\t<!-- Flexy Breadcrumb -->\r\n\t\t\t<div class=\"fbc fbc-page\">\r\n\r\n\t\t\t\t<!-- Breadcrumb wrapper -->\r\n\t\t\t\t<div class=\"fbc-wrap\">\r\n\r\n\t\t\t\t\t<!-- Ordered list-->\r\n\t\t\t\t\t<ol class=\"fbc-items\" itemscope itemtype=\"https:\/\/schema.org\/BreadcrumbList\">\r\n\t\t\t\t\t\t            <li itemprop=\"itemListElement\" itemscope itemtype=\"https:\/\/schema.org\/ListItem\">\r\n                <span itemprop=\"name\">\r\n                    <!-- Home Link -->\r\n                    <a itemprop=\"item\" href=\"https:\/\/epdaduglandier.fr\">\r\n                    \r\n                                                    <i class=\"fa fa-home\" aria-hidden=\"true\"><\/i>Accueil                    <\/a>\r\n                <\/span>\r\n                <meta itemprop=\"position\" content=\"1\" \/><!-- Meta Position-->\r\n             <\/li><li><span class=\"fbc-separator\">><\/span><\/li><li class=\"active\" itemprop=\"itemListElement\" itemscope itemtype=\"https:\/\/schema.org\/ListItem\"><span itemprop=\"name\" title=\"SAT\">SAT<\/span><meta itemprop=\"position\" content=\"2\" \/><\/li>\t\t\t\t\t<\/ol>\r\n\t\t\t\t\t<div class=\"clearfix\"><\/div>\r\n\t\t\t\t<\/div>\r\n\t\t\t<\/div>\r\n\t\t\t[\/et_pb_code][\/et_pb_column][\/et_pb_row][\/et_pb_section][et_pb_section fb_built=\u00a0\u00bb1&Prime; admin_label=\u00a0\u00bbSection Paragraphe\u00a0\u00bb _builder_version=\u00a0\u00bb4.16&Prime; _module_preset=\u00a0\u00bbdefault\u00a0\u00bb min_height=\u00a0\u00bb95px\u00a0\u00bb custom_padding=\u00a0\u00bb2px||1px|||\u00a0\u00bb global_colors_info=\u00a0\u00bb{}\u00a0\u00bb][et_pb_row _builder_version=\u00a0\u00bb4.16&Prime; _module_preset=\u00a0\u00bbdefault\u00a0\u00bb width=\u00a0\u00bb100%\u00a0\u00bb min_height=\u00a0\u00bb49px\u00a0\u00bb custom_margin=\u00a0\u00bb|auto||auto|false|false\u00a0\u00bb custom_padding=\u00a0\u00bb|0px||0px|false|false\u00a0\u00bb global_colors_info=\u00a0\u00bb{}\u00a0\u00bb][et_pb_column type=\u00a0\u00bb4_4&Prime; _builder_version=\u00a0\u00bb4.16&Prime; _module_preset=\u00a0\u00bbdefault\u00a0\u00bb custom_padding=\u00a0\u00bb|0px||0px|false|false\u00a0\u00bb global_colors_info=\u00a0\u00bb{}\u00a0\u00bb][et_pb_text admin_label=\u00a0\u00bbTitre\u00a0\u00bb _builder_version=\u00a0\u00bb4.16&Prime; _module_preset=\u00a0\u00bbdefault\u00a0\u00bb header_font=\u00a0\u00bb|600||on|||||\u00a0\u00bb header_text_color=\u00a0\u00bb#206ab6&Prime; module_alignment=\u00a0\u00bbleft\u00a0\u00bb custom_margin=\u00a0\u00bb|0px|-17px||false|false\u00a0\u00bb custom_padding=\u00a0\u00bb|0px|||false|false\u00a0\u00bb global_colors_info=\u00a0\u00bb{}\u00a0\u00bb]<\/p>\n<h1>Pr\u00e9sentation<\/h1>\n<p>[\/et_pb_text][et_pb_divider color=\u00a0\u00bb#206ab6&Prime; divider_position=\u00a0\u00bbbottom\u00a0\u00bb divider_weight=\u00a0\u00bb5px\u00a0\u00bb _builder_version=\u00a0\u00bb4.16&Prime; _module_preset=\u00a0\u00bbdefault\u00a0\u00bb custom_margin=\u00a0\u00bb|||0px|false|false\u00a0\u00bb custom_padding=\u00a0\u00bb|||0px|false|false\u00a0\u00bb global_colors_info=\u00a0\u00bb{}\u00a0\u00bb][\/et_pb_divider][\/et_pb_column][\/et_pb_row][et_pb_row _builder_version=\u00a0\u00bb4.16&Prime; _module_preset=\u00a0\u00bbdefault\u00a0\u00bb width=\u00a0\u00bb100%\u00a0\u00bb min_height=\u00a0\u00bb49px\u00a0\u00bb custom_margin=\u00a0\u00bb|auto||auto|false|false\u00a0\u00bb custom_padding=\u00a0\u00bb|0px||0px|false|false\u00a0\u00bb global_colors_info=\u00a0\u00bb{}\u00a0\u00bb][et_pb_column type=\u00a0\u00bb4_4&Prime; _builder_version=\u00a0\u00bb4.16&Prime; _module_preset=\u00a0\u00bbdefault\u00a0\u00bb custom_padding=\u00a0\u00bb|0px||0px|false|false\u00a0\u00bb global_colors_info=\u00a0\u00bb{}\u00a0\u00bb][et_pb_text _builder_version=\u00a0\u00bb4.27.4&Prime; _module_preset=\u00a0\u00bbdefault\u00a0\u00bb text_font=\u00a0\u00bb||||||||\u00a0\u00bb text_text_color=\u00a0\u00bb#474747&Prime; text_font_size=\u00a0\u00bb19px\u00a0\u00bb text_line_height=\u00a0\u00bb1.8em\u00a0\u00bb text_orientation=\u00a0\u00bbjustified\u00a0\u00bb min_height=\u00a0\u00bb517px\u00a0\u00bb hover_enabled=\u00a0\u00bb0&Prime; global_colors_info=\u00a0\u00bb{}\u00a0\u00bb sticky_enabled=\u00a0\u00bb0&Prime;]<\/p>\n<p>D\u2019une capacit\u00e9 de 43 personnes accueillies, le Service d\u2019Accompagnement par le Travail (SAT) a pour mission de permettre aux personnes accompagn\u00e9es d\u2019acc\u00e9der \u00e0 une vie sociale et professionnelle reconnue. Le SAT permet \u00e9galement \u00e0 chacun de d\u00e9velopper des comp\u00e9tences professionnelles et en fonction de son\u00a0 parcours,\u00a0 d\u2019int\u00e9grer le secteur de travail ordinaire .<\/p>\n<p>Le Service d\u2019Accompagnement par le Travail est une entreprise du secteur prot\u00e9g\u00e9.<\/p>\n<p style=\"text-align: justify;\">Il a pour mission de promouvoir l\u2019inclusion professionnelle de personnes en situation de handicap<\/p>\n<p><b><i>Employeurs : contribution partielle \u00e0 l\u2019obligation d\u2019Emploi de Travailleurs handicap\u00e9s<\/i><\/b><\/p>\n<p><b><i>Particuliers : ouverture au cr\u00e9dit d\u2019imp\u00f4ts<\/i><\/b><\/p>\n<h3><span style=\"color: #0000ff;\"><b>Demandez votre devis GRATUIT<\/b><b>\u00a0<\/b><\/span><\/h3>\n<p><span style=\"color: #0000ff;\"><b>Service d\u2019Accompagnement par le Travail<\/b><\/span><\/p>\n<p><span style=\"color: #0000ff;\">6, rue de Touvent 19210 LUBERSAC<\/span><\/p>\n<p><span style=\"color: #0000ff;\">Tel :\u00a0 05.55.73.81.10 &#8211; <\/span><span style=\"color: #0000ff;\">Fax : 05.55.73.67.07<\/span><\/p>\n<p><span style=\"color: #0000ff;\">@ : <a href=\"mailto:epda-sat@epdaduglandier.fr\">epda-sat@epdaduglandier.fr<\/a><\/span><\/p>\n<p><span style=\"color: #0000ff;\"><\/span><\/p>\n<p><strong><span style=\"color: #000000;\">Missions et Caract\u00e9ristiques d&rsquo;un SAT &#8211; Service d&rsquo;Accompagnement par le Travail : <\/span><\/strong><strong><span style=\"color: #000000;\">lien Youtube :\u00a0\u00a0 <\/span><\/strong><strong><span style=\"color: #000000;\"><a href=\"https:\/\/youtu.be\/6jgGS8nfjYg\">https:\/\/youtu.be\/6jgGS8nfjYg<\/a><\/span><\/strong><\/p>\n<p><strong><span style=\"color: #000000;\">Pour plus d&rsquo;informations actualis\u00e9es sur le SAT : <a href=\"https:\/\/www.facebook.com\/SATduGLANDIER\/\" title=\"SAT DU GLANDIER\">https:\/\/www.facebook.com\/SATduGLANDIER<\/a><br \/><\/span><\/strong><\/p>\n<p>[\/et_pb_text][\/et_pb_column][\/et_pb_row][et_pb_row _builder_version=\u00a0\u00bb4.16&Prime; _module_preset=\u00a0\u00bbdefault\u00a0\u00bb width=\u00a0\u00bb100%\u00a0\u00bb min_height=\u00a0\u00bb49px\u00a0\u00bb custom_margin=\u00a0\u00bb|auto||auto|false|false\u00a0\u00bb custom_padding=\u00a0\u00bb|0px||0px|false|false\u00a0\u00bb global_colors_info=\u00a0\u00bb{}\u00a0\u00bb][et_pb_column type=\u00a0\u00bb4_4&Prime; _builder_version=\u00a0\u00bb4.16&Prime; _module_preset=\u00a0\u00bbdefault\u00a0\u00bb custom_padding=\u00a0\u00bb|0px||0px|false|false\u00a0\u00bb global_colors_info=\u00a0\u00bb{}\u00a0\u00bb][et_pb_text admin_label=\u00a0\u00bbTitre\u00a0\u00bb _builder_version=\u00a0\u00bb4.16&Prime; _module_preset=\u00a0\u00bbdefault\u00a0\u00bb header_font=\u00a0\u00bb|600||on|||||\u00a0\u00bb header_text_color=\u00a0\u00bb#206ab6&Prime; module_alignment=\u00a0\u00bbleft\u00a0\u00bb custom_margin=\u00a0\u00bb|0px|-17px||false|false\u00a0\u00bb custom_padding=\u00a0\u00bb|0px|||false|false\u00a0\u00bb global_colors_info=\u00a0\u00bb{}\u00a0\u00bb]<\/p>\n<h1>Pourquoi faire appel au SAT<\/h1>\n<p>[\/et_pb_text][et_pb_divider color=\u00a0\u00bb#206ab6&Prime; divider_position=\u00a0\u00bbbottom\u00a0\u00bb divider_weight=\u00a0\u00bb5px\u00a0\u00bb _builder_version=\u00a0\u00bb4.16&Prime; _module_preset=\u00a0\u00bbdefault\u00a0\u00bb custom_margin=\u00a0\u00bb|||0px|false|false\u00a0\u00bb custom_padding=\u00a0\u00bb|||0px|false|false\u00a0\u00bb global_colors_info=\u00a0\u00bb{}\u00a0\u00bb][\/et_pb_divider][\/et_pb_column][\/et_pb_row][et_pb_row _builder_version=\u00a0\u00bb4.16&Prime; _module_preset=\u00a0\u00bbdefault\u00a0\u00bb width=\u00a0\u00bb100%\u00a0\u00bb min_height=\u00a0\u00bb222.3px\u00a0\u00bb custom_padding=\u00a0\u00bb2px|||||\u00a0\u00bb global_colors_info=\u00a0\u00bb{}\u00a0\u00bb][et_pb_column type=\u00a0\u00bb4_4&Prime; _builder_version=\u00a0\u00bb4.16&Prime; _module_preset=\u00a0\u00bbdefault\u00a0\u00bb global_colors_info=\u00a0\u00bb{}\u00a0\u00bb][et_pb_text _builder_version=\u00a0\u00bb4.16&Prime; _module_preset=\u00a0\u00bbdefault\u00a0\u00bb text_text_color=\u00a0\u00bb#474747&Prime; text_font_size=\u00a0\u00bb19px\u00a0\u00bb text_line_height=\u00a0\u00bb2em\u00a0\u00bb text_orientation=\u00a0\u00bbjustified\u00a0\u00bb min_height=\u00a0\u00bb138.4px\u00a0\u00bb inline_fonts=\u00a0\u00bbB612&Prime; global_colors_info=\u00a0\u00bb{}\u00a0\u00bb]<\/p>\n<p><span style=\"color: #0000ff; font-size: xx-large; font-family: inherit; font-weight: normal;\"><strong>\u21d2 <\/strong><\/span>\u0086Trouver des r\u00e9ponses \u00e0 vos besoins gr\u00e2ce \u00e0 une offre de prestations et de services assur\u00e9s par les professionnels form\u00e9s.<\/p>\n<p>\u0086<span style=\"color: #0000ff; font-size: xx-large; font-family: inherit; font-weight: normal;\"><strong>\u21d2<\/strong><\/span> B\u00e9n\u00e9ficier de mises \u00e0 disposition dans vos entreprises ou collectivit\u00e9s, de travailleurs ou d\u2019\u00e9quipes autonomes<\/p>\n<p><span style=\"color: #0000ff;\"><strong><span style=\"color: #0000ff; font-size: xx-large; font-family: inherit; font-weight: normal;\">\u21d2<\/span><\/strong><\/span>\u0086 Faire appel \u00e0 des interlocuteurs disponibles et r\u00e9actifs pour trouver des solutions \u00e0 vos besoins<\/p>\n<p>\u0086<span style=\"color: #0000ff; font-size: xx-large; font-family: inherit; font-weight: normal;\"><strong>\u21d2<\/strong><\/span><span style=\"color: #0000ff;\"><strong><\/strong><\/span> Agir en faveur de l\u2019emploi des personnes handicap\u00e9es<\/p>\n<p>[\/et_pb_text][\/et_pb_column][\/et_pb_row][et_pb_row _builder_version=\u00a0\u00bb4.16&Prime; _module_preset=\u00a0\u00bbdefault\u00a0\u00bb width=\u00a0\u00bb100%\u00a0\u00bb min_height=\u00a0\u00bb49px\u00a0\u00bb custom_margin=\u00a0\u00bb|auto||auto|false|false\u00a0\u00bb custom_padding=\u00a0\u00bb|0px||0px|false|false\u00a0\u00bb global_colors_info=\u00a0\u00bb{}\u00a0\u00bb][et_pb_column type=\u00a0\u00bb4_4&Prime; _builder_version=\u00a0\u00bb4.16&Prime; _module_preset=\u00a0\u00bbdefault\u00a0\u00bb custom_padding=\u00a0\u00bb|0px||0px|false|false\u00a0\u00bb global_colors_info=\u00a0\u00bb{}\u00a0\u00bb][et_pb_text admin_label=\u00a0\u00bbTitre\u00a0\u00bb _builder_version=\u00a0\u00bb4.16&Prime; _module_preset=\u00a0\u00bbdefault\u00a0\u00bb header_font=\u00a0\u00bb|600||on|||||\u00a0\u00bb header_text_color=\u00a0\u00bb#206ab6&Prime; module_alignment=\u00a0\u00bbleft\u00a0\u00bb custom_margin=\u00a0\u00bb|0px|-17px||false|false\u00a0\u00bb custom_padding=\u00a0\u00bb|0px|||false|false\u00a0\u00bb global_colors_info=\u00a0\u00bb{}\u00a0\u00bb]<\/p>\n<h1>BLANCHISSERIE<\/h1>\n<p>[\/et_pb_text][et_pb_divider color=\u00a0\u00bb#206ab6&Prime; divider_position=\u00a0\u00bbbottom\u00a0\u00bb divider_weight=\u00a0\u00bb5px\u00a0\u00bb _builder_version=\u00a0\u00bb4.16&Prime; _module_preset=\u00a0\u00bbdefault\u00a0\u00bb custom_margin=\u00a0\u00bb|||0px|false|false\u00a0\u00bb custom_padding=\u00a0\u00bb|||0px|false|false\u00a0\u00bb global_colors_info=\u00a0\u00bb{}\u00a0\u00bb][\/et_pb_divider][et_pb_text _builder_version=\u00a0\u00bb4.16&Prime; _module_preset=\u00a0\u00bbdefault\u00a0\u00bb text_text_color=\u00a0\u00bb#474747&Prime; text_font_size=\u00a0\u00bb19px\u00a0\u00bb text_line_height=\u00a0\u00bb2em\u00a0\u00bb text_orientation=\u00a0\u00bbjustified\u00a0\u00bb global_colors_info=\u00a0\u00bb{}\u00a0\u00bb]<\/p>\n<p>Traitement du linge de collectivit\u00e9s et des entreprises.<\/p>\n<p>Lavage couette pour les particuliers &#8211; Enl\u00e8vement et livraison.<\/p>\n<p><img loading=\"lazy\" decoding=\"async\" src=\"https:\/\/epdaduglandier.fr\/wp-content\/uploads\/2021\/05\/image-Blanchisserie-1.png\" alt=\"\" class=\"wp-image-1438 alignnone size-full\" width=\"160\" height=\"194\" \/> \u00a0\u00a0\u00a0\u00a0\u00a0\u00a0 <img loading=\"lazy\" decoding=\"async\" src=\"https:\/\/epdaduglandier.fr\/wp-content\/uploads\/2021\/05\/FILMEUSE-1-300x196.jpg\" alt=\"\" class=\"wp-image-1570 alignnone size-medium\" width=\"300\" height=\"196\" srcset=\"https:\/\/epdaduglandier.fr\/wp-content\/uploads\/2021\/05\/FILMEUSE-1-300x196.jpg 300w, https:\/\/epdaduglandier.fr\/wp-content\/uploads\/2021\/05\/FILMEUSE-1.jpg 464w\" sizes=\"(max-width: 300px) 100vw, 300px\" \/> \u00a0\u00a0\u00a0\u00a0\u00a0\u00a0\u00a0 <img loading=\"lazy\" decoding=\"async\" src=\"https:\/\/epdaduglandier.fr\/wp-content\/uploads\/2021\/05\/Machines-a-laver-SAT-300x208.jpg\" alt=\"\" class=\"wp-image-1583 alignnone size-medium\" width=\"300\" height=\"208\" \/><\/p>\n<p>[\/et_pb_text][\/et_pb_column][\/et_pb_row][et_pb_row _builder_version=\u00a0\u00bb4.16&Prime; _module_preset=\u00a0\u00bbdefault\u00a0\u00bb width=\u00a0\u00bb100%\u00a0\u00bb min_height=\u00a0\u00bb49px\u00a0\u00bb custom_margin=\u00a0\u00bb|auto||auto|false|false\u00a0\u00bb custom_padding=\u00a0\u00bb|0px||0px|false|false\u00a0\u00bb global_colors_info=\u00a0\u00bb{}\u00a0\u00bb][et_pb_column type=\u00a0\u00bb4_4&Prime; _builder_version=\u00a0\u00bb4.16&Prime; _module_preset=\u00a0\u00bbdefault\u00a0\u00bb custom_padding=\u00a0\u00bb|0px||0px|false|false\u00a0\u00bb global_colors_info=\u00a0\u00bb{}\u00a0\u00bb][et_pb_text admin_label=\u00a0\u00bbTitre\u00a0\u00bb _builder_version=\u00a0\u00bb4.16&Prime; _module_preset=\u00a0\u00bbdefault\u00a0\u00bb header_font=\u00a0\u00bb|600||on|||||\u00a0\u00bb header_text_color=\u00a0\u00bb#206ab6&Prime; module_alignment=\u00a0\u00bbleft\u00a0\u00bb custom_margin=\u00a0\u00bb|0px|-17px||false|false\u00a0\u00bb custom_padding=\u00a0\u00bb|0px|||false|false\u00a0\u00bb global_colors_info=\u00a0\u00bb{}\u00a0\u00bb]<\/p>\n<h1>ESPACES VERTS<\/h1>\n<p>[\/et_pb_text][et_pb_divider color=\u00a0\u00bb#206ab6&Prime; divider_position=\u00a0\u00bbbottom\u00a0\u00bb divider_weight=\u00a0\u00bb5px\u00a0\u00bb _builder_version=\u00a0\u00bb4.16&Prime; _module_preset=\u00a0\u00bbdefault\u00a0\u00bb custom_margin=\u00a0\u00bb|||0px|false|false\u00a0\u00bb custom_padding=\u00a0\u00bb|||0px|false|false\u00a0\u00bb global_colors_info=\u00a0\u00bb{}\u00a0\u00bb][\/et_pb_divider][et_pb_text _builder_version=\u00a0\u00bb4.16&Prime; _module_preset=\u00a0\u00bbdefault\u00a0\u00bb text_text_color=\u00a0\u00bb#474747&Prime; text_font_size=\u00a0\u00bb19px\u00a0\u00bb text_line_height=\u00a0\u00bb2em\u00a0\u00bb text_orientation=\u00a0\u00bbjustified\u00a0\u00bb min_height=\u00a0\u00bb311.1px\u00a0\u00bb global_colors_info=\u00a0\u00bb{}\u00a0\u00bb]<\/p>\n<p>Entretien de parcs et jardins.<\/p>\n<p>Tonte, taille de haies et d\u2019arbustes, d\u00e9broussaillage, ramassage de feuilles, cr\u00e9ation de massif .<\/p>\n<p><img loading=\"lazy\" decoding=\"async\" src=\"https:\/\/epdaduglandier.fr\/wp-content\/uploads\/2021\/05\/rotofil.jpg\" alt=\"\" class=\"wp-image-1944 alignnone size-full\" width=\"220\" height=\"217\" \/> \u00a0\u00a0 <img loading=\"lazy\" decoding=\"async\" src=\"https:\/\/epdaduglandier.fr\/wp-content\/uploads\/2021\/05\/taille-de-haies.png\" alt=\"\" class=\"wp-image-1945 alignnone size-full\" width=\"230\" height=\"300\" \/> \u00a0\u00a0 <img loading=\"lazy\" decoding=\"async\" src=\"https:\/\/epdaduglandier.fr\/wp-content\/uploads\/2021\/05\/tonte-gazon-300x176.png\" alt=\"\" class=\"wp-image-1946 alignnone size-medium\" width=\"300\" height=\"176\" srcset=\"https:\/\/epdaduglandier.fr\/wp-content\/uploads\/2021\/05\/tonte-gazon-300x176.png 300w, https:\/\/epdaduglandier.fr\/wp-content\/uploads\/2021\/05\/tonte-gazon.png 313w\" sizes=\"(max-width: 300px) 100vw, 300px\" \/><\/p>\n<p>[\/et_pb_text][\/et_pb_column][\/et_pb_row][et_pb_row _builder_version=\u00a0\u00bb4.16&Prime; _module_preset=\u00a0\u00bbdefault\u00a0\u00bb width=\u00a0\u00bb100%\u00a0\u00bb min_height=\u00a0\u00bb49px\u00a0\u00bb custom_margin=\u00a0\u00bb|auto||auto|false|false\u00a0\u00bb custom_padding=\u00a0\u00bb|0px||0px|false|false\u00a0\u00bb global_colors_info=\u00a0\u00bb{}\u00a0\u00bb][et_pb_column type=\u00a0\u00bb4_4&Prime; _builder_version=\u00a0\u00bb4.16&Prime; _module_preset=\u00a0\u00bbdefault\u00a0\u00bb custom_padding=\u00a0\u00bb|0px||0px|false|false\u00a0\u00bb global_colors_info=\u00a0\u00bb{}\u00a0\u00bb][et_pb_text admin_label=\u00a0\u00bbTitre\u00a0\u00bb _builder_version=\u00a0\u00bb4.16&Prime; _module_preset=\u00a0\u00bbdefault\u00a0\u00bb header_font=\u00a0\u00bb|600||on|||||\u00a0\u00bb header_text_color=\u00a0\u00bb#206ab6&Prime; module_alignment=\u00a0\u00bbleft\u00a0\u00bb custom_margin=\u00a0\u00bb|0px|-17px||false|false\u00a0\u00bb custom_padding=\u00a0\u00bb|0px|||false|false\u00a0\u00bb global_colors_info=\u00a0\u00bb{}\u00a0\u00bb]<\/p>\n<h1>ENTRETIEN NETTOYAGE DES LOCAUX<\/h1>\n<p>[\/et_pb_text][et_pb_divider color=\u00a0\u00bb#206ab6&Prime; divider_position=\u00a0\u00bbbottom\u00a0\u00bb divider_weight=\u00a0\u00bb5px\u00a0\u00bb _builder_version=\u00a0\u00bb4.16&Prime; _module_preset=\u00a0\u00bbdefault\u00a0\u00bb custom_margin=\u00a0\u00bb|||0px|false|false\u00a0\u00bb custom_padding=\u00a0\u00bb|||0px|false|false\u00a0\u00bb global_colors_info=\u00a0\u00bb{}\u00a0\u00bb][\/et_pb_divider][et_pb_text _builder_version=\u00a0\u00bb4.16&Prime; _module_preset=\u00a0\u00bbdefault\u00a0\u00bb text_text_color=\u00a0\u00bb#474747&Prime; text_font_size=\u00a0\u00bb19px\u00a0\u00bb text_line_height=\u00a0\u00bb2em\u00a0\u00bb text_orientation=\u00a0\u00bbjustified\u00a0\u00bb global_colors_info=\u00a0\u00bb{}\u00a0\u00bb]<\/p>\n<p>Locaux int\u00e9rieurs et ext\u00e9rieurs, vitrerie et v\u00e9randas, d\u00e9barrassage (caves, greniers\u2026)<\/p>\n<p><img loading=\"lazy\" decoding=\"async\" src=\"https:\/\/epdaduglandier.fr\/wp-content\/uploads\/2021\/05\/Balayeuse-1-200x300.jpg\" alt=\"\" class=\"wp-image-1733 alignnone size-medium\" width=\"200\" height=\"300\" srcset=\"https:\/\/epdaduglandier.fr\/wp-content\/uploads\/2021\/05\/Balayeuse-1-200x300.jpg 200w, https:\/\/epdaduglandier.fr\/wp-content\/uploads\/2021\/05\/Balayeuse-1.jpg 345w\" sizes=\"(max-width: 200px) 100vw, 200px\" \/>\u00a0\u00a0 <img loading=\"lazy\" decoding=\"async\" src=\"https:\/\/epdaduglandier.fr\/wp-content\/uploads\/2021\/05\/autolaveuse-1-193x300.jpg\" alt=\"\" class=\"wp-image-1574 alignnone size-medium\" width=\"193\" height=\"300\" srcset=\"https:\/\/epdaduglandier.fr\/wp-content\/uploads\/2021\/05\/autolaveuse-1-193x300.jpg 193w, https:\/\/epdaduglandier.fr\/wp-content\/uploads\/2021\/05\/autolaveuse-1.jpg 261w\" sizes=\"(max-width: 193px) 100vw, 193px\" \/><\/p>\n<p>[\/et_pb_text][\/et_pb_column][\/et_pb_row][et_pb_row _builder_version=\u00a0\u00bb4.16&Prime; _module_preset=\u00a0\u00bbdefault\u00a0\u00bb width=\u00a0\u00bb100%\u00a0\u00bb min_height=\u00a0\u00bb49px\u00a0\u00bb custom_margin=\u00a0\u00bb|auto||auto|false|false\u00a0\u00bb custom_padding=\u00a0\u00bb|0px||0px|false|false\u00a0\u00bb global_colors_info=\u00a0\u00bb{}\u00a0\u00bb][et_pb_column type=\u00a0\u00bb4_4&Prime; _builder_version=\u00a0\u00bb4.16&Prime; _module_preset=\u00a0\u00bbdefault\u00a0\u00bb custom_padding=\u00a0\u00bb|0px||0px|false|false\u00a0\u00bb global_colors_info=\u00a0\u00bb{}\u00a0\u00bb][et_pb_text admin_label=\u00a0\u00bbTitre\u00a0\u00bb _builder_version=\u00a0\u00bb4.16&Prime; _module_preset=\u00a0\u00bbdefault\u00a0\u00bb header_font=\u00a0\u00bb|600||on|||||\u00a0\u00bb header_text_color=\u00a0\u00bb#206ab6&Prime; module_alignment=\u00a0\u00bbleft\u00a0\u00bb custom_margin=\u00a0\u00bb|0px|-17px||false|false\u00a0\u00bb custom_padding=\u00a0\u00bb|0px|||false|false\u00a0\u00bb global_colors_info=\u00a0\u00bb{}\u00a0\u00bb]<\/p>\n<h1>SOUS TRAITANCE<\/h1>\n<p>[\/et_pb_text][et_pb_divider color=\u00a0\u00bb#206ab6&Prime; divider_position=\u00a0\u00bbbottom\u00a0\u00bb divider_weight=\u00a0\u00bb5px\u00a0\u00bb _builder_version=\u00a0\u00bb4.16&Prime; _module_preset=\u00a0\u00bbdefault\u00a0\u00bb custom_margin=\u00a0\u00bb|||0px|false|false\u00a0\u00bb custom_padding=\u00a0\u00bb|||0px|false|false\u00a0\u00bb global_colors_info=\u00a0\u00bb{}\u00a0\u00bb][\/et_pb_divider][et_pb_text _builder_version=\u00a0\u00bb4.16&Prime; _module_preset=\u00a0\u00bbdefault\u00a0\u00bb text_text_color=\u00a0\u00bb#474747&Prime; text_font_size=\u00a0\u00bb19px\u00a0\u00bb text_line_height=\u00a0\u00bb2em\u00a0\u00bb text_orientation=\u00a0\u00bbjustified\u00a0\u00bb global_colors_info=\u00a0\u00bb{}\u00a0\u00bb]<\/p>\n<p>Travaux \u00e0 fa\u00e7on pour les entreprises et les collectivit\u00e9s (petits montages \u00e9lectriques ou m\u00e9caniques,\u00a0 \u00e9tiquetage, mise sous pli, tri, conditionnement, confection de coffrets cadeaux) &#8211; enl\u00e8vement et livraison<\/p>\n<p><img loading=\"lazy\" decoding=\"async\" src=\"https:\/\/epdaduglandier.fr\/wp-content\/uploads\/2021\/05\/Assemblage-pieces-SAT-300x210.jpg\" alt=\"\" class=\"wp-image-1578 alignnone size-medium\" width=\"300\" height=\"210\" srcset=\"https:\/\/epdaduglandier.fr\/wp-content\/uploads\/2021\/05\/Assemblage-pieces-SAT-300x210.jpg 300w, https:\/\/epdaduglandier.fr\/wp-content\/uploads\/2021\/05\/Assemblage-pieces-SAT.jpg 462w\" sizes=\"(max-width: 300px) 100vw, 300px\" \/> \u00a0 <img loading=\"lazy\" decoding=\"async\" src=\"https:\/\/epdaduglandier.fr\/wp-content\/uploads\/2021\/05\/mise-sous-pli-300x183.jpg\" alt=\"\" class=\"wp-image-1579 alignnone size-medium\" width=\"300\" height=\"183\" \/> \u00a0 <img loading=\"lazy\" decoding=\"async\" src=\"https:\/\/epdaduglandier.fr\/wp-content\/uploads\/2021\/05\/Montage-electrique-300x178.jpg\" alt=\"\" class=\"wp-image-1580 alignnone size-medium\" width=\"300\" height=\"178\" \/><\/p>\n<p>&nbsp;<\/p>\n<p>[\/et_pb_text][\/et_pb_column][\/et_pb_row][et_pb_row _builder_version=\u00a0\u00bb4.16&Prime; _module_preset=\u00a0\u00bbdefault\u00a0\u00bb width=\u00a0\u00bb100%\u00a0\u00bb min_height=\u00a0\u00bb49px\u00a0\u00bb custom_margin=\u00a0\u00bb|auto||auto|false|false\u00a0\u00bb custom_padding=\u00a0\u00bb|0px||0px|false|false\u00a0\u00bb global_colors_info=\u00a0\u00bb{}\u00a0\u00bb][et_pb_column type=\u00a0\u00bb4_4&Prime; _builder_version=\u00a0\u00bb4.16&Prime; _module_preset=\u00a0\u00bbdefault\u00a0\u00bb custom_padding=\u00a0\u00bb|0px||0px|false|false\u00a0\u00bb global_colors_info=\u00a0\u00bb{}\u00a0\u00bb][et_pb_text admin_label=\u00a0\u00bbTitre\u00a0\u00bb _builder_version=\u00a0\u00bb4.16&Prime; _module_preset=\u00a0\u00bbdefault\u00a0\u00bb header_font=\u00a0\u00bb|600||on|||||\u00a0\u00bb header_text_color=\u00a0\u00bb#206ab6&Prime; module_alignment=\u00a0\u00bbleft\u00a0\u00bb custom_margin=\u00a0\u00bb|0px|-17px||false|false\u00a0\u00bb custom_padding=\u00a0\u00bb|0px|||false|false\u00a0\u00bb global_colors_info=\u00a0\u00bb{}\u00a0\u00bb]<\/p>\n<h1>PLAQUETTE SERVICE D&rsquo;AIDE PAR LE TRAVAIL<\/h1>\n<p>[\/et_pb_text][et_pb_divider color=\u00a0\u00bb#206ab6&Prime; divider_position=\u00a0\u00bbbottom\u00a0\u00bb divider_weight=\u00a0\u00bb5px\u00a0\u00bb _builder_version=\u00a0\u00bb4.16&Prime; _module_preset=\u00a0\u00bbdefault\u00a0\u00bb custom_margin=\u00a0\u00bb|||0px|false|false\u00a0\u00bb custom_padding=\u00a0\u00bb|||0px|false|false\u00a0\u00bb global_colors_info=\u00a0\u00bb{}\u00a0\u00bb][\/et_pb_divider][et_pb_text _builder_version=\u00a0\u00bb4.27.4&Prime; _module_preset=\u00a0\u00bbdefault\u00a0\u00bb text_text_color=\u00a0\u00bb#474747&Prime; text_font_size=\u00a0\u00bb19px\u00a0\u00bb text_line_height=\u00a0\u00bb2em\u00a0\u00bb text_orientation=\u00a0\u00bbjustified\u00a0\u00bb link_option_url=\u00a0\u00bbhttps:\/\/epdaduglandier.fr\/wp-content\/uploads\/2021\/11\/PLAQUETTE-ESAT-2021-E-CO-AU-1103-1-.pdf\u00a0\u00bb hover_enabled=\u00a0\u00bb0&Prime; global_colors_info=\u00a0\u00bb{}\u00a0\u00bb sticky_enabled=\u00a0\u00bb0&Prime;]<\/p>\n<h2><a href=\"https:\/\/epdaduglandier.fr\/wp-content\/uploads\/2025\/11\/PLAQUETTE-ESAT-2021-E-CO-AU-1103-1-.pdf\" rel=\"attachment wp-att-3451\"><strong>PLAQUETTE ESAT 2021- E-CO-AU-1103-1<\/strong> &#8211;<\/a><\/h2>\n<p>[\/et_pb_text][\/et_pb_column][\/et_pb_row][\/et_pb_section]<\/p>\n","protected":false},"excerpt":{"rendered":"<p>\t\t\t<!-- Flexy Breadcrumb -->\r\n\t\t\t<div class=\"fbc fbc-page\">\r\n\r\n\t\t\t\t<!-- Breadcrumb wrapper -->\r\n\t\t\t\t<div class=\"fbc-wrap\">\r\n\r\n\t\t\t\t\t<!-- Ordered list-->\r\n\t\t\t\t\t<ol class=\"fbc-items\" itemscope itemtype=\"https:\/\/schema.org\/BreadcrumbList\">\r\n\t\t\t\t\t\t            <li itemprop=\"itemListElement\" itemscope itemtype=\"https:\/\/schema.org\/ListItem\">\r\n                <span itemprop=\"name\">\r\n                    <!-- Home Link -->\r\n                    <a itemprop=\"item\" href=\"https:\/\/epdaduglandier.fr\">\r\n                    \r\n                                                    <i class=\"fa fa-home\" aria-hidden=\"true\"><\/i>Accueil                    <\/a>\r\n                <\/span>\r\n                <meta itemprop=\"position\" content=\"1\" \/><!-- Meta Position-->\r\n             <\/li><li><span class=\"fbc-separator\">><\/span><\/li><li class=\"active\" itemprop=\"itemListElement\" itemscope itemtype=\"https:\/\/schema.org\/ListItem\"><span itemprop=\"name\" title=\"SAT\">SAT<\/span><meta itemprop=\"position\" content=\"2\" \/><\/li>\t\t\t\t\t<\/ol>\r\n\t\t\t\t\t<div class=\"clearfix\"><\/div>\r\n\t\t\t\t<\/div>\r\n\t\t\t<\/div>\r\n\t\t\tPr\u00e9sentationD\u2019une capacit\u00e9 de 43 personnes accueillies, le Service d\u2019Accompagnement par le Travail (SAT) a pour mission de permettre aux personnes accompagn\u00e9es d\u2019acc\u00e9der \u00e0 une vie sociale et professionnelle reconnue. Le SAT permet \u00e9galement \u00e0 chacun de d\u00e9velopper des comp\u00e9tences professionnelles et en fonction de son\u00a0 parcours,\u00a0 d\u2019int\u00e9grer le secteur de travail ordinaire . Le Service [&hellip;]<\/p>\n","protected":false},"author":3,"featured_media":0,"parent":0,"menu_order":0,"comment_status":"closed","ping_status":"closed","template":"","meta":{"_et_pb_use_builder":"on","_et_pb_old_content":"","_et_gb_content_width":"","footnotes":""},"class_list":["post-93","page","type-page","status-publish","hentry"],"yoast_head":"<!-- This site is optimized with the Yoast SEO plugin v27.5 - https:\/\/yoast.com\/product\/yoast-seo-wordpress\/ -->\n<title>SAT - EPDA du Glandier<\/title>\n<meta name=\"robots\" content=\"index, follow, max-snippet:-1, max-image-preview:large, max-video-preview:-1\" \/>\n<link rel=\"canonical\" href=\"https:\/\/epdaduglandier.fr\/?page_id=93\" \/>\n<meta property=\"og:locale\" content=\"fr_FR\" \/>\n<meta property=\"og:type\" content=\"article\" \/>\n<meta property=\"og:title\" content=\"SAT - EPDA du Glandier\" \/>\n<meta property=\"og:description\" content=\"Pr\u00e9sentationD\u2019une capacit\u00e9 de 43 personnes accueillies, le Service d\u2019Accompagnement par le Travail (SAT) a pour mission de permettre aux personnes accompagn\u00e9es d\u2019acc\u00e9der \u00e0 une vie sociale et professionnelle reconnue. Le SAT permet \u00e9galement \u00e0 chacun de d\u00e9velopper des comp\u00e9tences professionnelles et en fonction de son\u00a0 parcours,\u00a0 d\u2019int\u00e9grer le secteur de travail ordinaire . Le Service [&hellip;]\" \/>\n<meta property=\"og:url\" content=\"https:\/\/epdaduglandier.fr\/?page_id=93\" \/>\n<meta property=\"og:site_name\" content=\"EPDA du Glandier\" \/>\n<meta property=\"article:modified_time\" content=\"2025-11-20T14:14:51+00:00\" \/>\n<meta property=\"og:image\" content=\"https:\/\/epdaduglandier.fr\/wp-content\/uploads\/2021\/05\/image-Blanchisserie-1.png\" \/>\n\t<meta property=\"og:image:width\" content=\"240\" \/>\n\t<meta property=\"og:image:height\" content=\"290\" \/>\n\t<meta property=\"og:image:type\" content=\"image\/png\" \/>\n<meta name=\"twitter:card\" content=\"summary_large_image\" \/>\n<meta name=\"twitter:label1\" content=\"Dur\u00e9e de lecture estim\u00e9e\" \/>\n\t<meta name=\"twitter:data1\" content=\"1 minute\" \/>\n<script type=\"application\/ld+json\" class=\"yoast-schema-graph\">{\"@context\":\"https:\\\/\\\/schema.org\",\"@graph\":[{\"@type\":\"WebPage\",\"@id\":\"https:\\\/\\\/epdaduglandier.fr\\\/?page_id=93\",\"url\":\"https:\\\/\\\/epdaduglandier.fr\\\/?page_id=93\",\"name\":\"SAT - EPDA du Glandier\",\"isPartOf\":{\"@id\":\"https:\\\/\\\/epdaduglandier.fr\\\/#website\"},\"primaryImageOfPage\":{\"@id\":\"https:\\\/\\\/epdaduglandier.fr\\\/?page_id=93#primaryimage\"},\"image\":{\"@id\":\"https:\\\/\\\/epdaduglandier.fr\\\/?page_id=93#primaryimage\"},\"thumbnailUrl\":\"https:\\\/\\\/epdaduglandier.fr\\\/wp-content\\\/uploads\\\/2021\\\/05\\\/image-Blanchisserie-1.png\",\"datePublished\":\"2021-04-13T13:53:57+00:00\",\"dateModified\":\"2025-11-20T14:14:51+00:00\",\"breadcrumb\":{\"@id\":\"https:\\\/\\\/epdaduglandier.fr\\\/?page_id=93#breadcrumb\"},\"inLanguage\":\"fr-FR\",\"potentialAction\":[{\"@type\":\"ReadAction\",\"target\":[\"https:\\\/\\\/epdaduglandier.fr\\\/?page_id=93\"]}]},{\"@type\":\"ImageObject\",\"inLanguage\":\"fr-FR\",\"@id\":\"https:\\\/\\\/epdaduglandier.fr\\\/?page_id=93#primaryimage\",\"url\":\"https:\\\/\\\/epdaduglandier.fr\\\/wp-content\\\/uploads\\\/2021\\\/05\\\/image-Blanchisserie-1.png\",\"contentUrl\":\"https:\\\/\\\/epdaduglandier.fr\\\/wp-content\\\/uploads\\\/2021\\\/05\\\/image-Blanchisserie-1.png\",\"width\":240,\"height\":290},{\"@type\":\"BreadcrumbList\",\"@id\":\"https:\\\/\\\/epdaduglandier.fr\\\/?page_id=93#breadcrumb\",\"itemListElement\":[{\"@type\":\"ListItem\",\"position\":1,\"name\":\"Accueil\",\"item\":\"https:\\\/\\\/epdaduglandier.fr\\\/\"},{\"@type\":\"ListItem\",\"position\":2,\"name\":\"SAT\"}]},{\"@type\":\"WebSite\",\"@id\":\"https:\\\/\\\/epdaduglandier.fr\\\/#website\",\"url\":\"https:\\\/\\\/epdaduglandier.fr\\\/\",\"name\":\"EPDA du Glandier\",\"description\":\"Etablissement Public D\u00e9partemental Autonome du Glandier\",\"potentialAction\":[{\"@type\":\"SearchAction\",\"target\":{\"@type\":\"EntryPoint\",\"urlTemplate\":\"https:\\\/\\\/epdaduglandier.fr\\\/?s={search_term_string}\"},\"query-input\":{\"@type\":\"PropertyValueSpecification\",\"valueRequired\":true,\"valueName\":\"search_term_string\"}}],\"inLanguage\":\"fr-FR\"}]}<\/script>\n<!-- \/ Yoast SEO plugin. -->","yoast_head_json":{"title":"SAT - EPDA du Glandier","robots":{"index":"index","follow":"follow","max-snippet":"max-snippet:-1","max-image-preview":"max-image-preview:large","max-video-preview":"max-video-preview:-1"},"canonical":"https:\/\/epdaduglandier.fr\/?page_id=93","og_locale":"fr_FR","og_type":"article","og_title":"SAT - EPDA du Glandier","og_description":"Pr\u00e9sentationD\u2019une capacit\u00e9 de 43 personnes accueillies, le Service d\u2019Accompagnement par le Travail (SAT) a pour mission de permettre aux personnes accompagn\u00e9es d\u2019acc\u00e9der \u00e0 une vie sociale et professionnelle reconnue. Le SAT permet \u00e9galement \u00e0 chacun de d\u00e9velopper des comp\u00e9tences professionnelles et en fonction de son\u00a0 parcours,\u00a0 d\u2019int\u00e9grer le secteur de travail ordinaire . Le Service [&hellip;]","og_url":"https:\/\/epdaduglandier.fr\/?page_id=93","og_site_name":"EPDA du Glandier","article_modified_time":"2025-11-20T14:14:51+00:00","og_image":[{"width":240,"height":290,"url":"https:\/\/epdaduglandier.fr\/wp-content\/uploads\/2021\/05\/image-Blanchisserie-1.png","type":"image\/png"}],"twitter_card":"summary_large_image","twitter_misc":{"Dur\u00e9e de lecture estim\u00e9e":"1 minute"},"schema":{"@context":"https:\/\/schema.org","@graph":[{"@type":"WebPage","@id":"https:\/\/epdaduglandier.fr\/?page_id=93","url":"https:\/\/epdaduglandier.fr\/?page_id=93","name":"SAT - EPDA du Glandier","isPartOf":{"@id":"https:\/\/epdaduglandier.fr\/#website"},"primaryImageOfPage":{"@id":"https:\/\/epdaduglandier.fr\/?page_id=93#primaryimage"},"image":{"@id":"https:\/\/epdaduglandier.fr\/?page_id=93#primaryimage"},"thumbnailUrl":"https:\/\/epdaduglandier.fr\/wp-content\/uploads\/2021\/05\/image-Blanchisserie-1.png","datePublished":"2021-04-13T13:53:57+00:00","dateModified":"2025-11-20T14:14:51+00:00","breadcrumb":{"@id":"https:\/\/epdaduglandier.fr\/?page_id=93#breadcrumb"},"inLanguage":"fr-FR","potentialAction":[{"@type":"ReadAction","target":["https:\/\/epdaduglandier.fr\/?page_id=93"]}]},{"@type":"ImageObject","inLanguage":"fr-FR","@id":"https:\/\/epdaduglandier.fr\/?page_id=93#primaryimage","url":"https:\/\/epdaduglandier.fr\/wp-content\/uploads\/2021\/05\/image-Blanchisserie-1.png","contentUrl":"https:\/\/epdaduglandier.fr\/wp-content\/uploads\/2021\/05\/image-Blanchisserie-1.png","width":240,"height":290},{"@type":"BreadcrumbList","@id":"https:\/\/epdaduglandier.fr\/?page_id=93#breadcrumb","itemListElement":[{"@type":"ListItem","position":1,"name":"Accueil","item":"https:\/\/epdaduglandier.fr\/"},{"@type":"ListItem","position":2,"name":"SAT"}]},{"@type":"WebSite","@id":"https:\/\/epdaduglandier.fr\/#website","url":"https:\/\/epdaduglandier.fr\/","name":"EPDA du Glandier","description":"Etablissement Public D\u00e9partemental Autonome du Glandier","potentialAction":[{"@type":"SearchAction","target":{"@type":"EntryPoint","urlTemplate":"https:\/\/epdaduglandier.fr\/?s={search_term_string}"},"query-input":{"@type":"PropertyValueSpecification","valueRequired":true,"valueName":"search_term_string"}}],"inLanguage":"fr-FR"}]}},"publishpress_future_action":{"enabled":false,"date":"2026-05-05 15:49:49","action":"change-status","newStatus":"draft","terms":[],"taxonomy":"","extraData":[]},"publishpress_future_workflow_manual_trigger":{"enabledWorkflows":[]},"_links":{"self":[{"href":"https:\/\/epdaduglandier.fr\/index.php?rest_route=\/wp\/v2\/pages\/93","targetHints":{"allow":["GET"]}}],"collection":[{"href":"https:\/\/epdaduglandier.fr\/index.php?rest_route=\/wp\/v2\/pages"}],"about":[{"href":"https:\/\/epdaduglandier.fr\/index.php?rest_route=\/wp\/v2\/types\/page"}],"author":[{"embeddable":true,"href":"https:\/\/epdaduglandier.fr\/index.php?rest_route=\/wp\/v2\/users\/3"}],"replies":[{"embeddable":true,"href":"https:\/\/epdaduglandier.fr\/index.php?rest_route=%2Fwp%2Fv2%2Fcomments&post=93"}],"version-history":[{"count":60,"href":"https:\/\/epdaduglandier.fr\/index.php?rest_route=\/wp\/v2\/pages\/93\/revisions"}],"predecessor-version":[{"id":3452,"href":"https:\/\/epdaduglandier.fr\/index.php?rest_route=\/wp\/v2\/pages\/93\/revisions\/3452"}],"wp:attachment":[{"href":"https:\/\/epdaduglandier.fr\/index.php?rest_route=%2Fwp%2Fv2%2Fmedia&parent=93"}],"curies":[{"name":"wp","href":"https:\/\/api.w.org\/{rel}","templated":true}]}}